{"id":112,"date":"2023-11-14T17:22:01","date_gmt":"2023-11-14T16:22:01","guid":{"rendered":"http:\/\/andreacujar.com\/?page_id=112"},"modified":"2025-07-26T18:04:23","modified_gmt":"2025-07-26T16:04:23","slug":"joailliere-artisan-paris","status":"publish","type":"page","link":"https:\/\/andreacujar.com\/fr_fr\/joailliere-artisan-paris\/","title":{"rendered":"MON HISTOIRE"},"content":{"rendered":"\t\t<div data-elementor-type=\"wp-page\" data-elementor-id=\"112\" class=\"elementor elementor-112\">\n\t\t\t\t<div class=\"elementor-element elementor-element-8b553a2 e-con-full e-flex e-con e-parent\" data-id=\"8b553a2\" data-element_type=\"container\" data-e-type=\"container\">\n\t\t<div class=\"elementor-element elementor-element-5d5119d e-con-full e-flex e-con e-child\" data-id=\"5d5119d\" data-element_type=\"container\" data-e-type=\"container\" data-settings=\"{&quot;background_background&quot;:&quot;slideshow&quot;,&quot;background_slideshow_gallery&quot;:[],&quot;background_slideshow_loop&quot;:&quot;yes&quot;,&quot;background_slideshow_slide_duration&quot;:5000,&quot;background_slideshow_slide_transition&quot;:&quot;fade&quot;,&quot;background_slideshow_transition_duration&quot;:500}\">\n\t\t\t\t<div class=\"elementor-element elementor-element-470e9597 elementor-widget elementor-widget-heading\" data-id=\"470e9597\" data-element_type=\"widget\" data-e-type=\"widget\" data-widget_type=\"heading.default\">\n\t\t\t\t<div class=\"elementor-widget-container\">\n\t\t\t\t\t<h1 class=\"elementor-heading-title elementor-size-default\">Parcours d'une joailli\u00e8re, <br>de Paris \u00e0 Vincennes  <\/h1>\t\t\t\t<\/div>\n\t\t\t\t<\/div>\n\t\t\t\t<\/div>\n\t\t\t\t<\/div>\n\t\t<div class=\"elementor-element elementor-element-4a79369 e-flex e-con-boxed e-con e-parent\" data-id=\"4a79369\" data-element_type=\"container\" data-e-type=\"container\">\n\t\t\t\t\t<div class=\"e-con-inner\">\n\t\t<div class=\"elementor-element elementor-element-14873f43 e-con-full e-flex e-con e-child\" data-id=\"14873f43\" data-element_type=\"container\" data-e-type=\"container\">\n\t\t<div class=\"elementor-element elementor-element-60b17553 e-con-full e-flex e-con e-child\" data-id=\"60b17553\" data-element_type=\"container\" data-e-type=\"container\" data-settings=\"{&quot;background_background&quot;:&quot;slideshow&quot;,&quot;background_slideshow_gallery&quot;:[],&quot;background_slideshow_loop&quot;:&quot;yes&quot;,&quot;background_slideshow_slide_duration&quot;:5000,&quot;background_slideshow_slide_transition&quot;:&quot;fade&quot;,&quot;background_slideshow_transition_duration&quot;:500}\">\n\t\t\t\t<div class=\"elementor-element elementor-element-46fcd970 elementor-widget elementor-widget-image\" data-id=\"46fcd970\" data-element_type=\"widget\" data-e-type=\"widget\" data-widget_type=\"image.default\">\n\t\t\t\t<div class=\"elementor-widget-container\">\n\t\t\t\t\t\t\t\t\t\t\t\t\t\t\t<img fetchpriority=\"high\" decoding=\"async\" width=\"643\" height=\"1024\" src=\"https:\/\/andreacujar.com\/wp-content\/uploads\/2024\/06\/La-Ville-de-Paris-643x1024.webp\" class=\"attachment-large size-large wp-image-2116\" alt=\"Vue de Paris o\u00f9 Andrea, cr\u00e9atrice de bijoux franco-colombienne, a fond\u00e9 sa marque de joaillerie\" srcset=\"https:\/\/andreacujar.com\/wp-content\/uploads\/2024\/06\/La-Ville-de-Paris-643x1024.webp 643w, https:\/\/andreacujar.com\/wp-content\/uploads\/2024\/06\/La-Ville-de-Paris-188x300.webp 188w, https:\/\/andreacujar.com\/wp-content\/uploads\/2024\/06\/La-Ville-de-Paris-768x1223.webp 768w, https:\/\/andreacujar.com\/wp-content\/uploads\/2024\/06\/La-Ville-de-Paris-965x1536.webp 965w, https:\/\/andreacujar.com\/wp-content\/uploads\/2024\/06\/La-Ville-de-Paris-1286x2048.webp 1286w, https:\/\/andreacujar.com\/wp-content\/uploads\/2024\/06\/La-Ville-de-Paris-scaled.webp 1608w\" sizes=\"(max-width: 643px) 100vw, 643px\" \/>\t\t\t\t\t\t\t\t\t\t\t\t\t\t\t<\/div>\n\t\t\t\t<\/div>\n\t\t\t\t<div class=\"elementor-element elementor-element-5da8f6e0 elementor-widget elementor-widget-image\" data-id=\"5da8f6e0\" data-element_type=\"widget\" data-e-type=\"widget\" data-widget_type=\"image.default\">\n\t\t\t\t<div class=\"elementor-widget-container\">\n\t\t\t\t\t\t\t\t\t\t\t\t\t\t\t<img decoding=\"async\" width=\"813\" height=\"1024\" src=\"https:\/\/andreacujar.com\/wp-content\/uploads\/2024\/07\/Andrea-Franco-Colombiene-Bois-de-boulogne-Paris-813x1024.webp\" class=\"attachment-large size-large wp-image-2227\" alt=\"\" srcset=\"https:\/\/andreacujar.com\/wp-content\/uploads\/2024\/07\/Andrea-Franco-Colombiene-Bois-de-boulogne-Paris-813x1024.webp 813w, https:\/\/andreacujar.com\/wp-content\/uploads\/2024\/07\/Andrea-Franco-Colombiene-Bois-de-boulogne-Paris-238x300.webp 238w, https:\/\/andreacujar.com\/wp-content\/uploads\/2024\/07\/Andrea-Franco-Colombiene-Bois-de-boulogne-Paris-768x968.webp 768w, https:\/\/andreacujar.com\/wp-content\/uploads\/2024\/07\/Andrea-Franco-Colombiene-Bois-de-boulogne-Paris.webp 1219w\" sizes=\"(max-width: 813px) 100vw, 813px\" \/>\t\t\t\t\t\t\t\t\t\t\t\t\t\t\t<\/div>\n\t\t\t\t<\/div>\n\t\t\t\t<\/div>\n\t\t<div class=\"elementor-element elementor-element-74389cc3 e-con-full e-flex e-con e-child\" data-id=\"74389cc3\" data-element_type=\"container\" data-e-type=\"container\">\n\t\t\t\t<div class=\"elementor-element elementor-element-384dfba5 elementor-widget elementor-widget-image\" data-id=\"384dfba5\" data-element_type=\"widget\" data-e-type=\"widget\" data-widget_type=\"image.default\">\n\t\t\t\t<div class=\"elementor-widget-container\">\n\t\t\t\t\t\t\t\t\t\t\t\t\t\t\t<img decoding=\"async\" width=\"933\" height=\"1024\" src=\"https:\/\/andreacujar.com\/wp-content\/uploads\/2024\/07\/Bijoutiere-933x1024.webp\" class=\"attachment-large size-large wp-image-2225\" alt=\"Andrea Cujar, cr\u00e9atrice de bijoux franco -colombienne \u00e0 Paris.\" srcset=\"https:\/\/andreacujar.com\/wp-content\/uploads\/2024\/07\/Bijoutiere-933x1024.webp 933w, https:\/\/andreacujar.com\/wp-content\/uploads\/2024\/07\/Bijoutiere-273x300.webp 273w, https:\/\/andreacujar.com\/wp-content\/uploads\/2024\/07\/Bijoutiere-768x843.webp 768w, https:\/\/andreacujar.com\/wp-content\/uploads\/2024\/07\/Bijoutiere.webp 1400w\" sizes=\"(max-width: 933px) 100vw, 933px\" \/>\t\t\t\t\t\t\t\t\t\t\t\t\t\t\t<\/div>\n\t\t\t\t<\/div>\n\t\t\t\t<div class=\"elementor-element elementor-element-4e1934c2 elementor-widget elementor-widget-image\" data-id=\"4e1934c2\" data-element_type=\"widget\" data-e-type=\"widget\" data-widget_type=\"image.default\">\n\t\t\t\t<div class=\"elementor-widget-container\">\n\t\t\t\t\t\t\t\t\t\t\t\t\t\t\t<img loading=\"lazy\" decoding=\"async\" width=\"768\" height=\"1024\" src=\"https:\/\/andreacujar.com\/wp-content\/uploads\/2024\/06\/Moi-inspiration-nature-768x1024.webp\" class=\"attachment-large size-large wp-image-1915\" alt=\"Andrea Cujar, cr\u00e9atrice de bijoux inspir\u00e9s par la nature franco -colombienne\" srcset=\"https:\/\/andreacujar.com\/wp-content\/uploads\/2024\/06\/Moi-inspiration-nature-768x1024.webp 768w, https:\/\/andreacujar.com\/wp-content\/uploads\/2024\/06\/Moi-inspiration-nature-225x300.webp 225w, https:\/\/andreacujar.com\/wp-content\/uploads\/2024\/06\/Moi-inspiration-nature-1152x1536.webp 1152w, https:\/\/andreacujar.com\/wp-content\/uploads\/2024\/06\/Moi-inspiration-nature.webp 1200w\" sizes=\"(max-width: 768px) 100vw, 768px\" \/>\t\t\t\t\t\t\t\t\t\t\t\t\t\t\t<\/div>\n\t\t\t\t<\/div>\n\t\t\t\t<\/div>\n\t\t\t\t<\/div>\n\t\t<div class=\"elementor-element elementor-element-4c45c474 e-con-full e-flex e-con e-child\" data-id=\"4c45c474\" data-element_type=\"container\" data-e-type=\"container\" data-settings=\"{&quot;background_background&quot;:&quot;slideshow&quot;,&quot;background_slideshow_gallery&quot;:[],&quot;background_slideshow_loop&quot;:&quot;yes&quot;,&quot;background_slideshow_slide_duration&quot;:5000,&quot;background_slideshow_slide_transition&quot;:&quot;fade&quot;,&quot;background_slideshow_transition_duration&quot;:500}\">\n\t\t\t\t<div class=\"elementor-element elementor-element-efd73ff elementor-widget elementor-widget-text-editor\" data-id=\"efd73ff\" data-element_type=\"widget\" data-e-type=\"widget\" data-widget_type=\"text-editor.default\">\n\t\t\t\t<div class=\"elementor-widget-container\">\n\t\t\t\t\t\t\t\t\t<p><strong>Franco &#8211; Colombienne<\/strong>, je plante mon identit\u00e9 et ma marque dans le vert, couleur repr\u00e9sentative de l&rsquo;environnement naturel de ma Colombie natale.<\/p><p>En tant que Jeune dipl\u00f4m\u00e9e en Administration des Affaires, j&rsquo;ai d\u00e9cid\u00e9 de me sp\u00e9cialiser en <strong>gestion de l&rsquo;Environnement et de l&rsquo;Urbanisme<\/strong> au Chili. Ensuit, gr\u00e2ce \u00e0 un programme d&rsquo;\u00e9change inter-universitaire, j&rsquo;ai achev\u00e9 ma ma\u00eetrise en France, r\u00e9alisant ainsi mon r\u00eave : <strong>vivre \u00e0 Paris.\u00a0<\/strong><\/p>\t\t\t\t\t\t\t\t<\/div>\n\t\t\t\t<\/div>\n\t\t\t\t<div class=\"elementor-element elementor-element-0425dcf elementor-widget elementor-widget-heading\" data-id=\"0425dcf\" data-element_type=\"widget\" data-e-type=\"widget\" data-widget_type=\"heading.default\">\n\t\t\t\t<div class=\"elementor-widget-container\">\n\t\t\t\t\t<h2 class=\"elementor-heading-title elementor-size-default\">MON PARCOURS A PARIS <\/h2>\t\t\t\t<\/div>\n\t\t\t\t<\/div>\n\t\t\t\t<div class=\"elementor-element elementor-element-bc9f92b elementor-widget elementor-widget-text-editor\" data-id=\"bc9f92b\" data-element_type=\"widget\" data-e-type=\"widget\" data-widget_type=\"text-editor.default\">\n\t\t\t\t<div class=\"elementor-widget-container\">\n\t\t\t\t\t\t\t\t\t<p>D&rsquo;abord, <strong>Paris, la ville lumi\u00e8re<\/strong>, m&rsquo;offre de nouvelles perspectives professionnelles et personnelles qui m&rsquo;apporteront en effet un \u00e9change culturel riche et me permettront \u00e9galement d&rsquo;acqu\u00e9rir rapidement une exp\u00e9rience professionnelle hautement valoris\u00e9e dans la gestion \u00e9conomique et l&rsquo;organisation des entreprises, en tant que manager.<\/p>\t\t\t\t\t\t\t\t<\/div>\n\t\t\t\t<\/div>\n\t\t\t\t<\/div>\n\t\t\t\t\t<\/div>\n\t\t\t\t<\/div>\n\t\t<div class=\"elementor-element elementor-element-8991a8b e-flex e-con-boxed e-con e-parent\" data-id=\"8991a8b\" data-element_type=\"container\" data-e-type=\"container\">\n\t\t\t\t\t<div class=\"e-con-inner\">\n\t\t<div class=\"elementor-element elementor-element-62feab2 e-con-full e-flex e-con e-child\" data-id=\"62feab2\" data-element_type=\"container\" data-e-type=\"container\">\n\t\t\t\t<div class=\"elementor-element elementor-element-adbfc59 elementor-widget elementor-widget-heading\" data-id=\"adbfc59\" data-element_type=\"widget\" data-e-type=\"widget\" data-widget_type=\"heading.default\">\n\t\t\t\t<div class=\"elementor-widget-container\">\n\t\t\t\t\t<h3 class=\"elementor-heading-title elementor-size-default\">MON DESIR DE DEVENIR BIJOUTIERE - JOAILLIERE<\/h3>\t\t\t\t<\/div>\n\t\t\t\t<\/div>\n\t\t\t\t<div class=\"elementor-element elementor-element-80c347 elementor-widget elementor-widget-text-editor\" data-id=\"80c347\" data-element_type=\"widget\" data-e-type=\"widget\" data-widget_type=\"text-editor.default\">\n\t\t\t\t<div class=\"elementor-widget-container\">\n\t\t\t\t\t\t\t\t\t<p>Passionn\u00e9e par les projets cr\u00e9atifs et dot\u00e9e d&rsquo;une grande habilet\u00e9 manuelle, j&rsquo;ai d\u00e9cid\u00e9 de lancer ma propre marque de bijoux.\u00a0L&rsquo;id\u00e9e a pris forme pendant la crise sanitaire mondiale.<\/p><p>Pour r\u00e9aliser ce projet, j&rsquo;ai opt\u00e9 pour une reconversion professionnelle. En 2021, je me suis inscrite \u00e0 <strong>la formation d&rsquo;art et technique de la bijouterie &#8211; joaillerie \u00e0 La Haute \u00c9cole de Joaillerie de Paris<\/strong>.<\/p>\t\t\t\t\t\t\t\t<\/div>\n\t\t\t\t<\/div>\n\t\t\t\t<\/div>\n\t\t<div class=\"elementor-element elementor-element-22bc119 e-con-full e-flex e-con e-child\" data-id=\"22bc119\" data-element_type=\"container\" data-e-type=\"container\">\n\t\t\t\t<div class=\"elementor-element elementor-element-f4211dc elementor-widget elementor-widget-image\" data-id=\"f4211dc\" data-element_type=\"widget\" data-e-type=\"widget\" data-widget_type=\"image.default\">\n\t\t\t\t<div class=\"elementor-widget-container\">\n\t\t\t\t\t\t\t\t\t\t\t\t\t\t\t\t<a href=\"https:\/\/hauteecoledejoaillerie.com\/?utm_term=haute%20%C3%A9cole%20de%20joaillerie&#038;utm_campaign=K%20-%20Branding%20%2B%20g%C3%A9n%C3%A9rale&#038;utm_source=adwords&#038;utm_medium=ppc&#038;hsa_acc=5326517570&#038;hsa_cam=18467075199&#038;hsa_grp=144889342027&#038;hsa_ad=625136094676&#038;hsa_src=g&#038;hsa_tgt=kwd-1644971494003&#038;hsa_kw=haute%20%C3%A9cole%20de%20joaillerie&#038;hsa_mt=e&#038;hsa_net=adwords&#038;hsa_ver=3&#038;gad_source=1&#038;gclid=CjwKCAjwvvmzBhA2EiwAtHVrb5wEVTyl7EcN3cQtkiC7u_fSbzEku536pOHmxfWfCue107nj-rcFkxoC2T8QAvD_BwE\" target=\"_blank\">\n\t\t\t\t\t\t\t<img loading=\"lazy\" decoding=\"async\" width=\"454\" height=\"535\" src=\"https:\/\/andreacujar.com\/wp-content\/uploads\/2024\/06\/Logo-La-Haut-Ecole-de-Joaillerie.webp\" class=\"attachment-large size-large wp-image-2086\" alt=\"Logo de la Haute \u00e9cole de joaillerie o\u00f9 Andrea Cujar a \u00e9tudi\u00e9 \u00e0 Paris.\" srcset=\"https:\/\/andreacujar.com\/wp-content\/uploads\/2024\/06\/Logo-La-Haut-Ecole-de-Joaillerie.webp 454w, https:\/\/andreacujar.com\/wp-content\/uploads\/2024\/06\/Logo-La-Haut-Ecole-de-Joaillerie-255x300.webp 255w\" sizes=\"(max-width: 454px) 100vw, 454px\" \/>\t\t\t\t\t\t\t\t<\/a>\n\t\t\t\t\t\t\t\t\t\t\t\t\t\t\t<\/div>\n\t\t\t\t<\/div>\n\t\t\t\t<\/div>\n\t\t<div class=\"elementor-element elementor-element-d630392 e-con-full e-flex e-con e-child\" data-id=\"d630392\" data-element_type=\"container\" data-e-type=\"container\">\n\t\t\t\t<div class=\"elementor-element elementor-element-064c074 elementor-widget elementor-widget-image\" data-id=\"064c074\" data-element_type=\"widget\" data-e-type=\"widget\" data-widget_type=\"image.default\">\n\t\t\t\t<div class=\"elementor-widget-container\">\n\t\t\t\t\t\t\t\t\t\t\t\t\t\t\t\t<a href=\"https:\/\/www.instagram.com\/maye_camarena\/\" target=\"_blank\">\n\t\t\t\t\t\t\t<img loading=\"lazy\" decoding=\"async\" width=\"1024\" height=\"614\" src=\"https:\/\/andreacujar.com\/wp-content\/uploads\/2024\/06\/Logo-MayeCamarena-1024x614.webp\" class=\"attachment-large size-large wp-image-1904\" alt=\"Logo de l\u2019Atelier de ciseleur o\u00f9 Andrea Cujar, cr\u00e9atrice franco-colombienne \u00e0 pris de cours.\" srcset=\"https:\/\/andreacujar.com\/wp-content\/uploads\/2024\/06\/Logo-MayeCamarena-1024x614.webp 1024w, https:\/\/andreacujar.com\/wp-content\/uploads\/2024\/06\/Logo-MayeCamarena-300x180.webp 300w, https:\/\/andreacujar.com\/wp-content\/uploads\/2024\/06\/Logo-MayeCamarena-768x460.webp 768w, https:\/\/andreacujar.com\/wp-content\/uploads\/2024\/06\/Logo-MayeCamarena-1536x920.webp 1536w, https:\/\/andreacujar.com\/wp-content\/uploads\/2024\/06\/Logo-MayeCamarena-2048x1227.webp 2048w\" sizes=\"(max-width: 1024px) 100vw, 1024px\" \/>\t\t\t\t\t\t\t\t<\/a>\n\t\t\t\t\t\t\t\t\t\t\t\t\t\t\t<\/div>\n\t\t\t\t<\/div>\n\t\t\t\t<\/div>\n\t\t<div class=\"elementor-element elementor-element-97cba2c e-con-full e-flex e-con e-child\" data-id=\"97cba2c\" data-element_type=\"container\" data-e-type=\"container\">\n\t\t\t\t<div class=\"elementor-element elementor-element-7fab7b1 elementor-widget elementor-widget-heading\" data-id=\"7fab7b1\" data-element_type=\"widget\" data-e-type=\"widget\" data-widget_type=\"heading.default\">\n\t\t\t\t<div class=\"elementor-widget-container\">\n\t\t\t\t\t<h3 class=\"elementor-heading-title elementor-size-default\">MA FORMATION EN CISELEUR <\/h3>\t\t\t\t<\/div>\n\t\t\t\t<\/div>\n\t\t\t\t<div class=\"elementor-element elementor-element-d4fb511 elementor-widget elementor-widget-text-editor\" data-id=\"d4fb511\" data-element_type=\"widget\" data-e-type=\"widget\" data-widget_type=\"text-editor.default\">\n\t\t\t\t<div class=\"elementor-widget-container\">\n\t\t\t\t\t\t\t\t\t<p>Ensuite, j&rsquo;ai suivi une formation intensive de ciselure sur plaque aupr\u00e8s de <strong>Francisco Javier Avila Maye, Ma\u00eetre Ciseleur et Orf\u00e8vre d\u2019Art \u00e0 Villejuif<\/strong>. Cette technique, peu connue, m&rsquo;a s\u00e9duite. Elle apporte \u00e0 mes futures collections une d\u00e9coration v\u00e9g\u00e9tale unique.<\/p>\t\t\t\t\t\t\t\t<\/div>\n\t\t\t\t<\/div>\n\t\t\t\t<\/div>\n\t\t\t\t\t<\/div>\n\t\t\t\t<\/div>\n\t\t<div class=\"elementor-element elementor-element-6978e6b e-flex e-con-boxed e-con e-parent\" data-id=\"6978e6b\" data-element_type=\"container\" data-e-type=\"container\">\n\t\t\t\t\t<div class=\"e-con-inner\">\n\t\t<div class=\"elementor-element elementor-element-ac303c8 e-con-full e-flex e-con e-child\" data-id=\"ac303c8\" data-element_type=\"container\" data-e-type=\"container\">\n\t\t\t\t<div class=\"elementor-element elementor-element-e901758 elementor-widget elementor-widget-heading\" data-id=\"e901758\" data-element_type=\"widget\" data-e-type=\"widget\" data-widget_type=\"heading.default\">\n\t\t\t\t<div class=\"elementor-widget-container\">\n\t\t\t\t\t<h3 class=\"elementor-heading-title elementor-size-default\">RETROUVER MES SOURCES <\/h3>\t\t\t\t<\/div>\n\t\t\t\t<\/div>\n\t\t\t\t<div class=\"elementor-element elementor-element-6f7a7a0 elementor-widget elementor-widget-text-editor\" data-id=\"6f7a7a0\" data-element_type=\"widget\" data-e-type=\"widget\" data-widget_type=\"text-editor.default\">\n\t\t\t\t<div class=\"elementor-widget-container\">\n\t\t\t\t\t\t\t\t\t<p>Apr\u00e8s l\u2019obtention de mon dipl\u00f4me en juin 2022, j&rsquo;ai d\u00e9cid\u00e9 de retourner en Colombie. J&rsquo;ai retrouv\u00e9 ma famille et mes amis, qui m&rsquo;ont beaucoup soutenue dans ce nouveau projet.\u00a0<\/p><p>Ce voyage m&rsquo;a permis de renouer avec ma culture, mon artisanat et mon environnement naturel.\u00a0<span style=\"font-size: 16px; color: var( --e-global-color-2653262 ); letter-spacing: 0px; word-spacing: 0em;\">En plus, en cherchant les acteurs importants de <\/span><strong style=\"font-size: 16px; color: var( --e-global-color-2653262 ); letter-spacing: 0px; word-spacing: 0em;\">la bijouterie \u2013 joaillerie en Colombie, j&rsquo;ai d\u00e9couvert l\u2019\u00c9cole colombienne de haute joaillerie<\/strong><span style=\"font-size: 16px; color: var( --e-global-color-2653262 ); letter-spacing: 0px; word-spacing: 0em;\">, l\u2019Institut colombien de Gemmologie, des entreprises sp\u00e9cialis\u00e9es dans les \u00e9meraudes colombiennes et la technique du filigrane.<\/span><\/p>\t\t\t\t\t\t\t\t<\/div>\n\t\t\t\t<\/div>\n\t\t\t\t<\/div>\n\t\t<div class=\"elementor-element elementor-element-a1edecc e-con-full e-flex e-con e-child\" data-id=\"a1edecc\" data-element_type=\"container\" data-e-type=\"container\">\n\t\t\t\t<div class=\"elementor-element elementor-element-6d2fe6d elementor-widget elementor-widget-image\" data-id=\"6d2fe6d\" data-element_type=\"widget\" data-e-type=\"widget\" data-widget_type=\"image.default\">\n\t\t\t\t<div class=\"elementor-widget-container\">\n\t\t\t\t\t\t\t\t\t\t\t\t\t\t\t\t<a href=\"https:\/\/www.escolombianadejoyeria.com\/\" target=\"_blank\">\n\t\t\t\t\t\t\t<img loading=\"lazy\" decoding=\"async\" width=\"1024\" height=\"311\" src=\"https:\/\/andreacujar.com\/wp-content\/uploads\/2024\/06\/Escuela-Colombiana-de-Alta-Joyeria-1024x311.webp\" class=\"attachment-large size-large wp-image-2087\" alt=\"Logo de l&#039;Ecole colombienne de haute joaillerie (EALFI) o\u00f9 Andrea \u00e0 suivi des cours de Conception 3D pour la cr\u00e9ation de bijoux.\" srcset=\"https:\/\/andreacujar.com\/wp-content\/uploads\/2024\/06\/Escuela-Colombiana-de-Alta-Joyeria-1024x311.webp 1024w, https:\/\/andreacujar.com\/wp-content\/uploads\/2024\/06\/Escuela-Colombiana-de-Alta-Joyeria-300x91.webp 300w, https:\/\/andreacujar.com\/wp-content\/uploads\/2024\/06\/Escuela-Colombiana-de-Alta-Joyeria-768x233.webp 768w, https:\/\/andreacujar.com\/wp-content\/uploads\/2024\/06\/Escuela-Colombiana-de-Alta-Joyeria-1536x467.webp 1536w, https:\/\/andreacujar.com\/wp-content\/uploads\/2024\/06\/Escuela-Colombiana-de-Alta-Joyeria-2048x622.webp 2048w\" sizes=\"(max-width: 1024px) 100vw, 1024px\" \/>\t\t\t\t\t\t\t\t<\/a>\n\t\t\t\t\t\t\t\t\t\t\t\t\t\t\t<\/div>\n\t\t\t\t<\/div>\n\t\t\t\t<\/div>\n\t\t<div class=\"elementor-element elementor-element-a842914 e-con-full e-flex e-con e-child\" data-id=\"a842914\" data-element_type=\"container\" data-e-type=\"container\">\n\t\t\t\t<div class=\"elementor-element elementor-element-e347963 elementor-widget elementor-widget-image\" data-id=\"e347963\" data-element_type=\"widget\" data-e-type=\"widget\" data-widget_type=\"image.default\">\n\t\t\t\t<div class=\"elementor-widget-container\">\n\t\t\t\t\t\t\t\t\t\t\t\t\t\t\t\t<a href=\"https:\/\/bpifrance-creation.fr\/activites-reglementees\/artisan-dart#:~:text=L&#039;artisan%20d&#039;art%20est,mais%20d&#039;une%20reconnaissance%20professionnelle.\" target=\"_blank\">\n\t\t\t\t\t\t\t<img loading=\"lazy\" decoding=\"async\" width=\"1024\" height=\"715\" src=\"https:\/\/andreacujar.com\/wp-content\/uploads\/2024\/06\/Logo-Arisan-dart.webp\" class=\"attachment-large size-large wp-image-1911\" alt=\"Logo Artisan d\u2019art attribu\u00e9 \u00e0 Andrea Cujar, bijouti\u00e8re franco - colombienne \u00e0 Paris\" srcset=\"https:\/\/andreacujar.com\/wp-content\/uploads\/2024\/06\/Logo-Arisan-dart.webp 1024w, https:\/\/andreacujar.com\/wp-content\/uploads\/2024\/06\/Logo-Arisan-dart-300x209.webp 300w, https:\/\/andreacujar.com\/wp-content\/uploads\/2024\/06\/Logo-Arisan-dart-768x536.webp 768w\" sizes=\"(max-width: 1024px) 100vw, 1024px\" \/>\t\t\t\t\t\t\t\t<\/a>\n\t\t\t\t\t\t\t\t\t\t\t\t\t\t\t<\/div>\n\t\t\t\t<\/div>\n\t\t\t\t<\/div>\n\t\t<div class=\"elementor-element elementor-element-83e3e71 e-con-full e-flex e-con e-child\" data-id=\"83e3e71\" data-element_type=\"container\" data-e-type=\"container\">\n\t\t\t\t<div class=\"elementor-element elementor-element-73028de elementor-widget elementor-widget-heading\" data-id=\"73028de\" data-element_type=\"widget\" data-e-type=\"widget\" data-widget_type=\"heading.default\">\n\t\t\t\t<div class=\"elementor-widget-container\">\n\t\t\t\t\t<h3 class=\"elementor-heading-title elementor-size-default\">MON RETOUR A PARIS ET<br>LA CR\u00c9ATION DE MA PREMI\u00c8RE COLLECTION DE BIJOUX<\/h3>\t\t\t\t<\/div>\n\t\t\t\t<\/div>\n\t\t\t\t<div class=\"elementor-element elementor-element-4fad1ea elementor-widget elementor-widget-text-editor\" data-id=\"4fad1ea\" data-element_type=\"widget\" data-e-type=\"widget\" data-widget_type=\"text-editor.default\">\n\t\t\t\t<div class=\"elementor-widget-container\">\n\t\t\t\t\t\t\t\t\t<p>Avec la t\u00eate pleine d\u2019id\u00e9es et un carnet de contacts rempli, je suis retourn\u00e9e \u00e0 Paris. \u00c0 44 ans, un nouveau chapitre de ma vie commence.\u00a0<span style=\"font-size: 16px; color: var( --e-global-color-2653262 );\">Ainsi. J&rsquo;ai cr\u00e9\u00e9 mon entreprise et ma marque.\u00a0\u00a0<\/span><strong style=\"font-size: 16px; color: var( --e-global-color-2653262 );\">Ma premi\u00e8re collection de bijoux, intitul\u00e9e \u00ab Les paysages colombiens \u00bb<\/strong><span style=\"font-size: 16px; color: var( --e-global-color-2653262 );\">, met en sc\u00e8ne l\u2019arbre dans toute sa splendeur et sa beaut\u00e9. Elle refl\u00e8te ma fascination pour la nature et la fusion des cultures qui me repr\u00e9sentent.<\/span><\/p>\t\t\t\t\t\t\t\t<\/div>\n\t\t\t\t<\/div>\n\t\t\t\t<\/div>\n\t\t\t\t\t<\/div>\n\t\t\t\t<\/div>\n\t\t<div class=\"elementor-element elementor-element-5e1515d e-flex e-con-boxed e-con e-parent\" data-id=\"5e1515d\" data-element_type=\"container\" data-e-type=\"container\">\n\t\t\t\t\t<div class=\"e-con-inner\">\n\t\t<div class=\"elementor-element elementor-element-1c98131 e-con-full e-flex e-con e-child\" data-id=\"1c98131\" data-element_type=\"container\" data-e-type=\"container\">\n\t\t\t\t<div class=\"elementor-element elementor-element-17f002a elementor-widget elementor-widget-heading\" data-id=\"17f002a\" data-element_type=\"widget\" data-e-type=\"widget\" data-widget_type=\"heading.default\">\n\t\t\t\t<div class=\"elementor-widget-container\">\n\t\t\t\t\t<h3 class=\"elementor-heading-title elementor-size-default\">LABEL \"FABRIQUE A PARIS\"<\/h3>\t\t\t\t<\/div>\n\t\t\t\t<\/div>\n\t\t\t\t<div class=\"elementor-element elementor-element-a8710b4 elementor-widget elementor-widget-text-editor\" data-id=\"a8710b4\" data-element_type=\"widget\" data-e-type=\"widget\" data-widget_type=\"text-editor.default\">\n\t\t\t\t<div class=\"elementor-widget-container\">\n\t\t\t\t\t\t\t\t\t<p data-start=\"597\" data-end=\"762\">En 2024, j\u2019ai d\u00e9cid\u00e9 de pr\u00e9senter ma candidature au <strong data-start=\"649\" data-end=\"677\">label \u00ab\u00a0Fabriqu\u00e9 \u00e0 Paris\u00a0\u00bb<\/strong>. Ce label prestigieux valorise les cr\u00e9ations artisanales r\u00e9alis\u00e9es dans la capitale.<\/p><p data-start=\"764\" data-end=\"961\">Ma collection <em data-start=\"778\" data-end=\"799\">Les Arbres de Paris<\/em> a \u00e9t\u00e9 r\u00e9compens\u00e9e pour l\u2019\u00e9dition 2025. C\u2019est un v\u00e9ritable honneur pour moi, en tant que joailli\u00e8re inspir\u00e9e par les paysages parisiens et leur richesse v\u00e9g\u00e9tale.<\/p><p data-start=\"963\" data-end=\"1185\">Cette collection a \u00e9t\u00e9 con\u00e7ue et fabriqu\u00e9e dans mon atelier, au c\u0153ur de Paris. Elle rend hommage aux arbres embl\u00e9matiques de la ville. Ces arbres sont les t\u00e9moins silencieux de la vie urbaine, de l\u2019histoire et des saisons.<\/p><p data-start=\"1187\" data-end=\"1290\">Chaque bijou raconte une promenade. Il \u00e9voque un instant suspendu, une \u00e9motion naturelle dans la ville.<\/p><p data-start=\"1292\" data-end=\"1472\">Ce label repr\u00e9sente une \u00e9tape importante dans mon parcours. En effet, il reconna\u00eet mon engagement comme <strong data-start=\"1396\" data-end=\"1426\">joailli\u00e8re artisan \u00e0 Paris<\/strong>, ainsi que mon amour pour cette ville unique.<\/p>\t\t\t\t\t\t\t\t<\/div>\n\t\t\t\t<\/div>\n\t\t\t\t<\/div>\n\t\t<div class=\"elementor-element elementor-element-f1384c9 e-con-full e-flex e-con e-child\" data-id=\"f1384c9\" data-element_type=\"container\" data-e-type=\"container\">\n\t\t\t\t<div class=\"elementor-element elementor-element-a851b7e elementor-widget elementor-widget-image\" data-id=\"a851b7e\" data-element_type=\"widget\" data-e-type=\"widget\" data-widget_type=\"image.default\">\n\t\t\t\t<div class=\"elementor-widget-container\">\n\t\t\t\t\t\t\t\t\t\t\t\t\t\t\t\t<a href=\"https:\/\/www.paris.fr\/pages\/le-label-fabrique-a-paris-5152\" target=\"_blank\">\n\t\t\t\t\t\t\t<img loading=\"lazy\" decoding=\"async\" width=\"1024\" height=\"829\" src=\"https:\/\/andreacujar.com\/wp-content\/uploads\/2024\/11\/FAP_LOGO_2025-noir-1024x829.png\" class=\"attachment-large size-large wp-image-7104\" alt=\"Label &quot;Fabriqu\u00e9 \u00e0 Paris&quot; obtenu gr\u00e2ce \u00e0 la Collection Les Arbres de Paris en 2025.\" srcset=\"https:\/\/andreacujar.com\/wp-content\/uploads\/2024\/11\/FAP_LOGO_2025-noir-1024x829.png 1024w, https:\/\/andreacujar.com\/wp-content\/uploads\/2024\/11\/FAP_LOGO_2025-noir-300x243.png 300w, https:\/\/andreacujar.com\/wp-content\/uploads\/2024\/11\/FAP_LOGO_2025-noir-768x622.png 768w, https:\/\/andreacujar.com\/wp-content\/uploads\/2024\/11\/FAP_LOGO_2025-noir-1536x1244.png 1536w, https:\/\/andreacujar.com\/wp-content\/uploads\/2024\/11\/FAP_LOGO_2025-noir-15x12.png 15w, https:\/\/andreacujar.com\/wp-content\/uploads\/2024\/11\/FAP_LOGO_2025-noir-600x486.png 600w, https:\/\/andreacujar.com\/wp-content\/uploads\/2024\/11\/FAP_LOGO_2025-noir.png 2038w\" sizes=\"(max-width: 1024px) 100vw, 1024px\" \/>\t\t\t\t\t\t\t\t<\/a>\n\t\t\t\t\t\t\t\t\t\t\t\t\t\t\t<\/div>\n\t\t\t\t<\/div>\n\t\t\t\t<\/div>\n\t\t<div class=\"elementor-element elementor-element-fd555f4 e-con-full e-flex e-con e-child\" data-id=\"fd555f4\" data-element_type=\"container\" data-e-type=\"container\">\n\t\t\t\t<div class=\"elementor-element elementor-element-2692714 elementor-widget elementor-widget-image\" data-id=\"2692714\" data-element_type=\"widget\" data-e-type=\"widget\" data-widget_type=\"image.default\">\n\t\t\t\t<div class=\"elementor-widget-container\">\n\t\t\t\t\t\t\t\t\t\t\t\t\t\t\t\t<a href=\"https:\/\/www.vincennes.fr\/\" target=\"_blank\">\n\t\t\t\t\t\t\t<img loading=\"lazy\" decoding=\"async\" width=\"1024\" height=\"577\" src=\"https:\/\/andreacujar.com\/wp-content\/uploads\/2025\/06\/Vincennes-1024x577.webp\" class=\"attachment-large size-large wp-image-8200\" alt=\"Lac paisible entour\u00e9 d\u2019arbres dans le Bois de Vincennes, reflet d\u2019une nature inspirante pour ma joaillerie artisanale.\" srcset=\"https:\/\/andreacujar.com\/wp-content\/uploads\/2025\/06\/Vincennes-1024x577.webp 1024w, https:\/\/andreacujar.com\/wp-content\/uploads\/2025\/06\/Vincennes-300x169.webp 300w, https:\/\/andreacujar.com\/wp-content\/uploads\/2025\/06\/Vincennes-768x432.webp 768w, https:\/\/andreacujar.com\/wp-content\/uploads\/2025\/06\/Vincennes-1536x865.webp 1536w, https:\/\/andreacujar.com\/wp-content\/uploads\/2025\/06\/Vincennes-18x10.webp 18w, https:\/\/andreacujar.com\/wp-content\/uploads\/2025\/06\/Vincennes-800x450.webp 800w, https:\/\/andreacujar.com\/wp-content\/uploads\/2025\/06\/Vincennes-600x338.webp 600w, https:\/\/andreacujar.com\/wp-content\/uploads\/2025\/06\/Vincennes.webp 1920w\" sizes=\"(max-width: 1024px) 100vw, 1024px\" \/>\t\t\t\t\t\t\t\t<\/a>\n\t\t\t\t\t\t\t\t\t\t\t\t\t\t\t<\/div>\n\t\t\t\t<\/div>\n\t\t\t\t<\/div>\n\t\t<div class=\"elementor-element elementor-element-96b665a e-con-full e-flex e-con e-child\" data-id=\"96b665a\" data-element_type=\"container\" data-e-type=\"container\">\n\t\t\t\t<div class=\"elementor-element elementor-element-ca0c08f elementor-widget elementor-widget-heading\" data-id=\"ca0c08f\" data-element_type=\"widget\" data-e-type=\"widget\" data-widget_type=\"heading.default\">\n\t\t\t\t<div class=\"elementor-widget-container\">\n\t\t\t\t\t<h3 class=\"elementor-heading-title elementor-size-default\">DE PARIS A VINCENNES, UN NOUVEAU SOUFFLE CR\u00c9ATIF<\/h3>\t\t\t\t<\/div>\n\t\t\t\t<\/div>\n\t\t\t\t<div class=\"elementor-element elementor-element-366ba0d elementor-widget elementor-widget-text-editor\" data-id=\"366ba0d\" data-element_type=\"widget\" data-e-type=\"widget\" data-widget_type=\"text-editor.default\">\n\t\t\t\t<div class=\"elementor-widget-container\">\n\t\t\t\t\t\t\t\t\t<p data-start=\"374\" data-end=\"638\">Apr\u00e8s plusieurs ann\u00e9es de formation et de cr\u00e9ation \u00e0 Paris, c\u2019est \u00e0 Vincennes que mon atelier trouve aujourd\u2019hui un nouvel ancrage. Ville au riche pass\u00e9 monarchique, Vincennes m\u2019inspire par sa beaut\u00e9 discr\u00e8te et son atmosph\u00e8re paisible, entre patrimoine et nature.<\/p><p data-start=\"640\" data-end=\"968\">\u00c0 deux pas du ch\u00e2teau qui autrefois accueillait les rois de France, je cr\u00e9e entour\u00e9e d\u2019arbres, de chants d\u2019oiseaux, de fleurs&#8230; et d\u2019une vie culturelle \u00e9tonnamment vivante. Le <strong data-start=\"817\" data-end=\"832\">Parc Floral<\/strong>, les ateliers d\u2019artisans, les march\u00e9s, les expositions, tout cela nourrit mon univers cr\u00e9atif, avec une \u00e9nergie nouvelle et enracin\u00e9e.<\/p><p data-start=\"970\" data-end=\"1215\">Mon objectif d\u00e9sormais : obtenir le label <strong data-start=\"1012\" data-end=\"1034\">\u00ab\u00a0Cr\u00e9\u00e9 \u00e0 Vincennes\u00a0\u00bb<\/strong>, un gage d\u2019excellence locale et d\u2019engagement dans le tissu artisanal de la ville. C\u2019est une continuit\u00e9 naturelle \u00e0 mon parcours parisien, avec une nouvelle douceur, pleine de sens.<\/p>\t\t\t\t\t\t\t\t<\/div>\n\t\t\t\t<\/div>\n\t\t\t\t<\/div>\n\t\t\t\t\t<\/div>\n\t\t\t\t<\/div>\n\t\t<div class=\"elementor-element elementor-element-535ca10 e-flex e-con-boxed e-con e-parent\" data-id=\"535ca10\" data-element_type=\"container\" data-e-type=\"container\">\n\t\t\t\t\t<div class=\"e-con-inner\">\n\t\t\t\t<div class=\"elementor-element elementor-element-ee7c394 elementor-widget-divider--view-line elementor-widget elementor-widget-divider\" data-id=\"ee7c394\" data-element_type=\"widget\" data-e-type=\"widget\" data-widget_type=\"divider.default\">\n\t\t\t\t<div class=\"elementor-widget-container\">\n\t\t\t\t\t\t\t<div class=\"elementor-divider\">\n\t\t\t<span class=\"elementor-divider-separator\">\n\t\t\t\t\t\t<\/span>\n\t\t<\/div>\n\t\t\t\t\t\t<\/div>\n\t\t\t\t<\/div>\n\t\t\t\t\t<\/div>\n\t\t\t\t<\/div>\n\t\t<div class=\"elementor-element elementor-element-fae86b5 e-flex e-con-boxed e-con e-parent\" data-id=\"fae86b5\" data-element_type=\"container\" data-e-type=\"container\">\n\t\t\t\t\t<div class=\"e-con-inner\">\n\t\t\t\t<div class=\"elementor-element elementor-element-1e25436 elementor-button-info elementor-align-justify elementor-mobile-align-justify elementor-widget elementor-widget-button\" data-id=\"1e25436\" data-element_type=\"widget\" data-e-type=\"widget\" data-widget_type=\"button.default\">\n\t\t\t\t<div class=\"elementor-widget-container\">\n\t\t\t\t\t\t\t\t\t<div class=\"elementor-button-wrapper\">\n\t\t\t\t\t<a class=\"elementor-button elementor-button-link elementor-size-sm\" href=\"https:\/\/andreacujar.com\/fr_fr\/\">\n\t\t\t\t\t\t<span class=\"elementor-button-content-wrapper\">\n\t\t\t\t\t\t\t\t\t<span class=\"elementor-button-text\">Retour \u00e0 la page d'accueil<\/span>\n\t\t\t\t\t<\/span>\n\t\t\t\t\t<\/a>\n\t\t\t\t<\/div>\n\t\t\t\t\t\t\t\t<\/div>\n\t\t\t\t<\/div>\n\t\t\t\t<div class=\"elementor-element elementor-element-b88f68f elementor-button-info elementor-align-center elementor-widget elementor-widget-button\" data-id=\"b88f68f\" data-element_type=\"widget\" data-e-type=\"widget\" data-widget_type=\"button.default\">\n\t\t\t\t<div class=\"elementor-widget-container\">\n\t\t\t\t\t\t\t\t\t<div class=\"elementor-button-wrapper\">\n\t\t\t\t\t<a class=\"elementor-button elementor-button-link elementor-size-sm\" href=\"https:\/\/andreacujar.com\/fr_fr\/bijoux-artisanaux-laiton-argent\/\">\n\t\t\t\t\t\t<span class=\"elementor-button-content-wrapper\">\n\t\t\t\t\t\t\t\t\t<span class=\"elementor-button-text\">Mes collections<\/span>\n\t\t\t\t\t<\/span>\n\t\t\t\t\t<\/a>\n\t\t\t\t<\/div>\n\t\t\t\t\t\t\t\t<\/div>\n\t\t\t\t<\/div>\n\t\t\t\t\t<\/div>\n\t\t\t\t<\/div>\n\t\t\t\t<\/div>\n\t\t","protected":false},"excerpt":{"rendered":"<p>Parcours d&rsquo;une joailli\u00e8re, de Paris \u00e0 Vincennes Franco &#8211; Colombienne, je plante mon identit\u00e9 et ma marque dans le vert, couleur repr\u00e9sentative de l&rsquo;environnement naturel de ma Colombie natale. En tant que Jeune dipl\u00f4m\u00e9e en Administration des Affaires, j&rsquo;ai d\u00e9cid\u00e9 de me sp\u00e9cialiser en gestion de l&rsquo;Environnement et de l&rsquo;Urbanisme au Chili. Ensuit, gr\u00e2ce \u00e0 [&hellip;]<\/p>\n","protected":false},"author":3,"featured_media":2225,"parent":0,"menu_order":0,"comment_status":"closed","ping_status":"closed","template":"","meta":{"ocean_post_layout":"","ocean_both_sidebars_style":"","ocean_both_sidebars_content_width":0,"ocean_both_sidebars_sidebars_width":0,"ocean_sidebar":"0","ocean_second_sidebar":"0","ocean_disable_margins":"enable","ocean_add_body_class":"","ocean_shortcode_before_top_bar":"","ocean_shortcode_after_top_bar":"","ocean_shortcode_before_header":"","ocean_shortcode_after_header":"","ocean_has_shortcode":"","ocean_shortcode_after_title":"","ocean_shortcode_before_footer_widgets":"","ocean_shortcode_after_footer_widgets":"","ocean_shortcode_before_footer_bottom":"","ocean_shortcode_after_footer_bottom":"","ocean_display_top_bar":"default","ocean_display_header":"default","ocean_header_style":"","ocean_center_header_left_menu":"0","ocean_custom_header_template":"0","ocean_custom_logo":0,"ocean_custom_retina_logo":0,"ocean_custom_logo_max_width":0,"ocean_custom_logo_tablet_max_width":0,"ocean_custom_logo_mobile_max_width":0,"ocean_custom_logo_max_height":0,"ocean_custom_logo_tablet_max_height":0,"ocean_custom_logo_mobile_max_height":0,"ocean_header_custom_menu":"0","ocean_menu_typo_font_family":"0","ocean_menu_typo_font_subset":"","ocean_menu_typo_font_size":0,"ocean_menu_typo_font_size_tablet":0,"ocean_menu_typo_font_size_mobile":0,"ocean_menu_typo_font_size_unit":"px","ocean_menu_typo_font_weight":"","ocean_menu_typo_font_weight_tablet":"","ocean_menu_typo_font_weight_mobile":"","ocean_menu_typo_transform":"","ocean_menu_typo_transform_tablet":"","ocean_menu_typo_transform_mobile":"","ocean_menu_typo_line_height":0,"ocean_menu_typo_line_height_tablet":0,"ocean_menu_typo_line_height_mobile":0,"ocean_menu_typo_line_height_unit":"","ocean_menu_typo_spacing":0,"ocean_menu_typo_spacing_tablet":0,"ocean_menu_typo_spacing_mobile":0,"ocean_menu_typo_spacing_unit":"","ocean_menu_link_color":"","ocean_menu_link_color_hover":"","ocean_menu_link_color_active":"","ocean_menu_link_background":"","ocean_menu_link_hover_background":"","ocean_menu_link_active_background":"","ocean_menu_social_links_bg":"","ocean_menu_social_hover_links_bg":"","ocean_menu_social_links_color":"","ocean_menu_social_hover_links_color":"","ocean_disable_title":"default","ocean_disable_heading":"default","ocean_post_title":"","ocean_post_subheading":"","ocean_post_title_style":"","ocean_post_title_background_color":"","ocean_post_title_background":0,"ocean_post_title_bg_image_position":"","ocean_post_title_bg_image_attachment":"","ocean_post_title_bg_image_repeat":"","ocean_post_title_bg_image_size":"","ocean_post_title_height":0,"ocean_post_title_bg_overlay":0.5,"ocean_post_title_bg_overlay_color":"","ocean_disable_breadcrumbs":"default","ocean_breadcrumbs_color":"","ocean_breadcrumbs_separator_color":"","ocean_breadcrumbs_links_color":"","ocean_breadcrumbs_links_hover_color":"","ocean_display_footer_widgets":"default","ocean_display_footer_bottom":"default","ocean_custom_footer_template":"0","footnotes":""},"class_list":["post-112","page","type-page","status-publish","has-post-thumbnail","hentry","entry","has-media"],"yoast_head":"<!-- This site is optimized with the Yoast SEO plugin v27.5 - https:\/\/yoast.com\/product\/yoast-seo-wordpress\/ -->\n<title>Joailli\u00e8re artisan \u00e0 Paris \u2013 Mon parcours cr\u00e9atif et engag\u00e9 - ANDREA CUJAR<\/title>\n<meta name=\"description\" content=\"D\u00e9couvrez le parcours d&#039;une joailli\u00e8re artisan \u00e0 Paris, entre Colombie et France. Cr\u00e9ativit\u00e9, savoir-faire et passion dans chaque bijou.\" \/>\n<meta name=\"robots\" content=\"index, follow, max-snippet:-1, max-image-preview:large, max-video-preview:-1\" \/>\n<link rel=\"canonical\" href=\"https:\/\/andreacujar.com\/fr_fr\/joailliere-artisan-paris\/\" \/>\n<meta property=\"og:locale\" content=\"fr_FR\" \/>\n<meta property=\"og:type\" content=\"article\" \/>\n<meta property=\"og:title\" content=\"Joailli\u00e8re artisan \u00e0 Paris \u2013 Mon parcours cr\u00e9atif et engag\u00e9 - ANDREA CUJAR\" \/>\n<meta property=\"og:description\" content=\"D\u00e9couvrez le parcours d&#039;une joailli\u00e8re artisan \u00e0 Paris, entre Colombie et France. Cr\u00e9ativit\u00e9, savoir-faire et passion dans chaque bijou.\" \/>\n<meta property=\"og:url\" content=\"https:\/\/andreacujar.com\/fr_fr\/joailliere-artisan-paris\/\" \/>\n<meta property=\"og:site_name\" content=\"ANDREA CUJAR\" \/>\n<meta property=\"article:modified_time\" content=\"2025-07-26T16:04:23+00:00\" \/>\n<meta property=\"og:image\" content=\"https:\/\/andreacujar.com\/wp-content\/uploads\/2024\/07\/Bijoutiere.webp\" \/>\n\t<meta property=\"og:image:width\" content=\"1400\" \/>\n\t<meta property=\"og:image:height\" content=\"1536\" \/>\n\t<meta property=\"og:image:type\" content=\"image\/webp\" \/>\n<meta name=\"twitter:card\" content=\"summary_large_image\" \/>\n<meta name=\"twitter:label1\" content=\"Dur\u00e9e de lecture estim\u00e9e\" \/>\n\t<meta name=\"twitter:data1\" content=\"6 minutes\" \/>\n<script type=\"application\/ld+json\" class=\"yoast-schema-graph\">{\"@context\":\"https:\\\/\\\/schema.org\",\"@graph\":[{\"@type\":\"WebPage\",\"@id\":\"https:\\\/\\\/andreacujar.com\\\/joailliere-artisan-paris\\\/\",\"url\":\"https:\\\/\\\/andreacujar.com\\\/joailliere-artisan-paris\\\/\",\"name\":\"Joailli\u00e8re artisan \u00e0 Paris \u2013 Mon parcours cr\u00e9atif et engag\u00e9 - ANDREA CUJAR\",\"isPartOf\":{\"@id\":\"https:\\\/\\\/andreacujar.com\\\/#website\"},\"primaryImageOfPage\":{\"@id\":\"https:\\\/\\\/andreacujar.com\\\/joailliere-artisan-paris\\\/#primaryimage\"},\"image\":{\"@id\":\"https:\\\/\\\/andreacujar.com\\\/joailliere-artisan-paris\\\/#primaryimage\"},\"thumbnailUrl\":\"https:\\\/\\\/andreacujar.com\\\/wp-content\\\/uploads\\\/2024\\\/07\\\/Bijoutiere.webp\",\"datePublished\":\"2023-11-14T16:22:01+00:00\",\"dateModified\":\"2025-07-26T16:04:23+00:00\",\"description\":\"D\u00e9couvrez le parcours d'une joailli\u00e8re artisan \u00e0 Paris, entre Colombie et France. Cr\u00e9ativit\u00e9, savoir-faire et passion dans chaque bijou.\",\"breadcrumb\":{\"@id\":\"https:\\\/\\\/andreacujar.com\\\/joailliere-artisan-paris\\\/#breadcrumb\"},\"inLanguage\":\"fr-FR\",\"potentialAction\":[{\"@type\":\"ReadAction\",\"target\":[\"https:\\\/\\\/andreacujar.com\\\/joailliere-artisan-paris\\\/\"]}]},{\"@type\":\"ImageObject\",\"inLanguage\":\"fr-FR\",\"@id\":\"https:\\\/\\\/andreacujar.com\\\/joailliere-artisan-paris\\\/#primaryimage\",\"url\":\"https:\\\/\\\/andreacujar.com\\\/wp-content\\\/uploads\\\/2024\\\/07\\\/Bijoutiere.webp\",\"contentUrl\":\"https:\\\/\\\/andreacujar.com\\\/wp-content\\\/uploads\\\/2024\\\/07\\\/Bijoutiere.webp\",\"width\":1400,\"height\":1536,\"caption\":\"Andrea Cujar, cr\u00e9atrice de bijoux franco -colombienne \u00e0 Paris.\"},{\"@type\":\"BreadcrumbList\",\"@id\":\"https:\\\/\\\/andreacujar.com\\\/joailliere-artisan-paris\\\/#breadcrumb\",\"itemListElement\":[{\"@type\":\"ListItem\",\"position\":1,\"name\":\"Accueil\",\"item\":\"https:\\\/\\\/andreacujar.com\\\/fr_fr\\\/\"},{\"@type\":\"ListItem\",\"position\":2,\"name\":\"MON HISTOIRE\"}]},{\"@type\":\"WebSite\",\"@id\":\"https:\\\/\\\/andreacujar.com\\\/#website\",\"url\":\"https:\\\/\\\/andreacujar.com\\\/\",\"name\":\"ANDREA CUJAR\",\"description\":\"Artisan Bijoutier\",\"potentialAction\":[{\"@type\":\"SearchAction\",\"target\":{\"@type\":\"EntryPoint\",\"urlTemplate\":\"https:\\\/\\\/andreacujar.com\\\/?s={search_term_string}\"},\"query-input\":{\"@type\":\"PropertyValueSpecification\",\"valueRequired\":true,\"valueName\":\"search_term_string\"}}],\"inLanguage\":\"fr-FR\"}]}<\/script>\n<!-- \/ Yoast SEO plugin. -->","yoast_head_json":{"title":"Joailli\u00e8re artisan \u00e0 Paris \u2013 Mon parcours cr\u00e9atif et engag\u00e9 - ANDREA CUJAR","description":"D\u00e9couvrez le parcours d'une joailli\u00e8re artisan \u00e0 Paris, entre Colombie et France. Cr\u00e9ativit\u00e9, savoir-faire et passion dans chaque bijou.","robots":{"index":"index","follow":"follow","max-snippet":"max-snippet:-1","max-image-preview":"max-image-preview:large","max-video-preview":"max-video-preview:-1"},"canonical":"https:\/\/andreacujar.com\/fr_fr\/joailliere-artisan-paris\/","og_locale":"fr_FR","og_type":"article","og_title":"Joailli\u00e8re artisan \u00e0 Paris \u2013 Mon parcours cr\u00e9atif et engag\u00e9 - ANDREA CUJAR","og_description":"D\u00e9couvrez le parcours d'une joailli\u00e8re artisan \u00e0 Paris, entre Colombie et France. Cr\u00e9ativit\u00e9, savoir-faire et passion dans chaque bijou.","og_url":"https:\/\/andreacujar.com\/fr_fr\/joailliere-artisan-paris\/","og_site_name":"ANDREA CUJAR","article_modified_time":"2025-07-26T16:04:23+00:00","og_image":[{"width":1400,"height":1536,"url":"https:\/\/andreacujar.com\/wp-content\/uploads\/2024\/07\/Bijoutiere.webp","type":"image\/webp"}],"twitter_card":"summary_large_image","twitter_misc":{"Dur\u00e9e de lecture estim\u00e9e":"6 minutes"},"schema":{"@context":"https:\/\/schema.org","@graph":[{"@type":"WebPage","@id":"https:\/\/andreacujar.com\/joailliere-artisan-paris\/","url":"https:\/\/andreacujar.com\/joailliere-artisan-paris\/","name":"Joailli\u00e8re artisan \u00e0 Paris \u2013 Mon parcours cr\u00e9atif et engag\u00e9 - ANDREA CUJAR","isPartOf":{"@id":"https:\/\/andreacujar.com\/#website"},"primaryImageOfPage":{"@id":"https:\/\/andreacujar.com\/joailliere-artisan-paris\/#primaryimage"},"image":{"@id":"https:\/\/andreacujar.com\/joailliere-artisan-paris\/#primaryimage"},"thumbnailUrl":"https:\/\/andreacujar.com\/wp-content\/uploads\/2024\/07\/Bijoutiere.webp","datePublished":"2023-11-14T16:22:01+00:00","dateModified":"2025-07-26T16:04:23+00:00","description":"D\u00e9couvrez le parcours d'une joailli\u00e8re artisan \u00e0 Paris, entre Colombie et France. Cr\u00e9ativit\u00e9, savoir-faire et passion dans chaque bijou.","breadcrumb":{"@id":"https:\/\/andreacujar.com\/joailliere-artisan-paris\/#breadcrumb"},"inLanguage":"fr-FR","potentialAction":[{"@type":"ReadAction","target":["https:\/\/andreacujar.com\/joailliere-artisan-paris\/"]}]},{"@type":"ImageObject","inLanguage":"fr-FR","@id":"https:\/\/andreacujar.com\/joailliere-artisan-paris\/#primaryimage","url":"https:\/\/andreacujar.com\/wp-content\/uploads\/2024\/07\/Bijoutiere.webp","contentUrl":"https:\/\/andreacujar.com\/wp-content\/uploads\/2024\/07\/Bijoutiere.webp","width":1400,"height":1536,"caption":"Andrea Cujar, cr\u00e9atrice de bijoux franco -colombienne \u00e0 Paris."},{"@type":"BreadcrumbList","@id":"https:\/\/andreacujar.com\/joailliere-artisan-paris\/#breadcrumb","itemListElement":[{"@type":"ListItem","position":1,"name":"Accueil","item":"https:\/\/andreacujar.com\/fr_fr\/"},{"@type":"ListItem","position":2,"name":"MON HISTOIRE"}]},{"@type":"WebSite","@id":"https:\/\/andreacujar.com\/#website","url":"https:\/\/andreacujar.com\/","name":"ANDREA CUJAR","description":"Artisan Bijoutier","potentialAction":[{"@type":"SearchAction","target":{"@type":"EntryPoint","urlTemplate":"https:\/\/andreacujar.com\/?s={search_term_string}"},"query-input":{"@type":"PropertyValueSpecification","valueRequired":true,"valueName":"search_term_string"}}],"inLanguage":"fr-FR"}]}},"_links":{"self":[{"href":"https:\/\/andreacujar.com\/fr_fr\/wp-json\/wp\/v2\/pages\/112","targetHints":{"allow":["GET"]}}],"collection":[{"href":"https:\/\/andreacujar.com\/fr_fr\/wp-json\/wp\/v2\/pages"}],"about":[{"href":"https:\/\/andreacujar.com\/fr_fr\/wp-json\/wp\/v2\/types\/page"}],"author":[{"embeddable":true,"href":"https:\/\/andreacujar.com\/fr_fr\/wp-json\/wp\/v2\/users\/3"}],"replies":[{"embeddable":true,"href":"https:\/\/andreacujar.com\/fr_fr\/wp-json\/wp\/v2\/comments?post=112"}],"version-history":[{"count":489,"href":"https:\/\/andreacujar.com\/fr_fr\/wp-json\/wp\/v2\/pages\/112\/revisions"}],"predecessor-version":[{"id":8250,"href":"https:\/\/andreacujar.com\/fr_fr\/wp-json\/wp\/v2\/pages\/112\/revisions\/8250"}],"wp:featuredmedia":[{"embeddable":true,"href":"https:\/\/andreacujar.com\/fr_fr\/wp-json\/wp\/v2\/media\/2225"}],"wp:attachment":[{"href":"https:\/\/andreacujar.com\/fr_fr\/wp-json\/wp\/v2\/media?parent=112"}],"curies":[{"name":"wp","href":"https:\/\/api.w.org\/{rel}","templated":true}]}}