{"id":194,"date":"2023-11-14T23:50:30","date_gmt":"2023-11-14T22:50:30","guid":{"rendered":"http:\/\/andreacujar.com\/?page_id=194"},"modified":"2025-08-26T16:17:55","modified_gmt":"2025-08-26T14:17:55","slug":"bijoux-arbres-paris","status":"publish","type":"page","link":"https:\/\/andreacujar.com\/fr_fr\/bijoux-arbres-paris\/","title":{"rendered":"LES ARBRES DE PARIS"},"content":{"rendered":"\t\t<div data-elementor-type=\"wp-page\" data-elementor-id=\"194\" class=\"elementor elementor-194\">\n\t\t\t\t<div class=\"elementor-element elementor-element-3183e3f e-flex e-con-boxed e-con e-parent\" data-id=\"3183e3f\" data-element_type=\"container\" data-e-type=\"container\">\n\t\t\t\t\t<div class=\"e-con-inner\">\n\t\t\t\t<div class=\"elementor-element elementor-element-5ed0b18 elementor-widget__width-initial elementor-widget elementor-widget-heading\" data-id=\"5ed0b18\" data-element_type=\"widget\" data-e-type=\"widget\" data-widget_type=\"heading.default\">\n\t\t\t\t<div class=\"elementor-widget-container\">\n\t\t\t\t\t<h1 class=\"elementor-heading-title elementor-size-default\">Les Arbres de Paris<\/h1>\t\t\t\t<\/div>\n\t\t\t\t<\/div>\n\t\t\t\t\t<\/div>\n\t\t\t\t<\/div>\n\t\t<div class=\"elementor-element elementor-element-0e15e15 e-flex e-con-boxed e-con e-parent\" data-id=\"0e15e15\" data-element_type=\"container\" data-e-type=\"container\" data-settings=\"{&quot;background_background&quot;:&quot;classic&quot;}\">\n\t\t\t\t\t<div class=\"e-con-inner\">\n\t\t<div class=\"elementor-element elementor-element-045983a e-con-full e-flex e-con e-child\" data-id=\"045983a\" data-element_type=\"container\" data-e-type=\"container\">\n\t\t\t\t<div class=\"elementor-element elementor-element-935da3e elementor-widget elementor-widget-image\" data-id=\"935da3e\" data-element_type=\"widget\" data-e-type=\"widget\" data-widget_type=\"image.default\">\n\t\t\t\t<div class=\"elementor-widget-container\">\n\t\t\t\t\t\t\t\t\t\t\t\t\t\t\t\t<a href=\"https:\/\/www.paris.fr\/pages\/le-label-fabrique-a-paris-5152\">\n\t\t\t\t\t\t\t<img fetchpriority=\"high\" decoding=\"async\" width=\"1024\" height=\"829\" src=\"https:\/\/andreacujar.com\/wp-content\/uploads\/2024\/11\/FAP_LOGO_2025-blanc-1024x829.png\" class=\"attachment-large size-large wp-image-7218\" alt=\"Logo du label &quot;Fabriqu\u00e9 \u00e0 Paris&quot; attestant l&#039;authenticit\u00e9 artisanale de la collection Les Arbres de Paris.\" srcset=\"https:\/\/andreacujar.com\/wp-content\/uploads\/2024\/11\/FAP_LOGO_2025-blanc-1024x829.png 1024w, https:\/\/andreacujar.com\/wp-content\/uploads\/2024\/11\/FAP_LOGO_2025-blanc-300x243.png 300w, https:\/\/andreacujar.com\/wp-content\/uploads\/2024\/11\/FAP_LOGO_2025-blanc-768x622.png 768w, https:\/\/andreacujar.com\/wp-content\/uploads\/2024\/11\/FAP_LOGO_2025-blanc-1536x1244.png 1536w, https:\/\/andreacujar.com\/wp-content\/uploads\/2024\/11\/FAP_LOGO_2025-blanc-15x12.png 15w, https:\/\/andreacujar.com\/wp-content\/uploads\/2024\/11\/FAP_LOGO_2025-blanc-600x486.png 600w, https:\/\/andreacujar.com\/wp-content\/uploads\/2024\/11\/FAP_LOGO_2025-blanc.png 2038w\" sizes=\"(max-width: 1024px) 100vw, 1024px\" \/>\t\t\t\t\t\t\t\t<\/a>\n\t\t\t\t\t\t\t\t\t\t\t\t\t\t\t<\/div>\n\t\t\t\t<\/div>\n\t\t\t\t<\/div>\n\t\t<div class=\"elementor-element elementor-element-3fd9726 e-con-full e-flex e-con e-child\" data-id=\"3fd9726\" data-element_type=\"container\" data-e-type=\"container\">\n\t\t\t\t<div class=\"elementor-element elementor-element-72e03ed elementor-widget elementor-widget-heading\" data-id=\"72e03ed\" data-element_type=\"widget\" data-e-type=\"widget\" data-widget_type=\"heading.default\">\n\t\t\t\t<div class=\"elementor-widget-container\">\n\t\t\t\t\t<h2 class=\"elementor-heading-title elementor-size-default\">\u00a1Les Arbres de Paris, d\u00e9sormais                 \"Fabriqu\u00e9 \u00e0 Paris\" !<\/h2>\t\t\t\t<\/div>\n\t\t\t\t<\/div>\n\t\t\t\t<div class=\"elementor-element elementor-element-60380e9 elementor-widget elementor-widget-text-editor\" data-id=\"60380e9\" data-element_type=\"widget\" data-e-type=\"widget\" data-widget_type=\"text-editor.default\">\n\t\t\t\t<div class=\"elementor-widget-container\">\n\t\t\t\t\t\t\t\t\t<p>Je suis fi\u00e8re de vous annoncer que ma <strong data-start=\"542\" data-end=\"576\">collection de bijoux Les Arbres de Paris<\/strong> est \u00e0 pr\u00e9sent labellis\u00e9e \u00ab Fabriqu\u00e9 \u00e0 Paris \u00bb. Ce label, attribu\u00e9 par la Ville de Paris, met en valeur l\u2019authenticit\u00e9 de ma bijouterie artisanale parisienne, enti\u00e8rement r\u00e9alis\u00e9e \u00e0 la main dans mon atelier. Ainsi, chaque pi\u00e8ce de cette collection est inspir\u00e9e par la nature urbaine et les canop\u00e9es des arbres de Paris. De cette mani\u00e8re, je cherche \u00e0 cr\u00e9er un lien po\u00e9tique entre l\u2019art, l\u2019environnement et le patrimoine de la capitale.<\/p>\t\t\t\t\t\t\t\t<\/div>\n\t\t\t\t<\/div>\n\t\t\t\t<\/div>\n\t\t\t\t\t<\/div>\n\t\t\t\t<\/div>\n\t\t<div class=\"elementor-element elementor-element-6b8a326 e-flex e-con-boxed e-con e-parent\" data-id=\"6b8a326\" data-element_type=\"container\" data-e-type=\"container\">\n\t\t\t\t\t<div class=\"e-con-inner\">\n\t\t<div class=\"elementor-element elementor-element-8699558 e-con-full e-flex e-con e-child\" data-id=\"8699558\" data-element_type=\"container\" data-e-type=\"container\">\n\t\t\t\t<div class=\"elementor-element elementor-element-7c01338 elementor-widget elementor-widget-image\" data-id=\"7c01338\" data-element_type=\"widget\" data-e-type=\"widget\" data-widget_type=\"image.default\">\n\t\t\t\t<div class=\"elementor-widget-container\">\n\t\t\t\t\t\t\t\t\t\t\t\t\t\t\t<img decoding=\"async\" width=\"768\" height=\"1024\" src=\"https:\/\/andreacujar.com\/wp-content\/uploads\/2024\/08\/Magnolio-768x1024.jpg\" class=\"attachment-large size-large wp-image-5461\" alt=\"Canop\u00e9e verdoyante d&#039;un magnolia blanc \u00e0 Paris, source d&#039;inspiration pour la collection de bijoux Les Arbres de Paris .\" srcset=\"https:\/\/andreacujar.com\/wp-content\/uploads\/2024\/08\/Magnolio-768x1024.jpg 768w, https:\/\/andreacujar.com\/wp-content\/uploads\/2024\/08\/Magnolio-600x800.jpg 600w, https:\/\/andreacujar.com\/wp-content\/uploads\/2024\/08\/Magnolio-225x300.jpg 225w, https:\/\/andreacujar.com\/wp-content\/uploads\/2024\/08\/Magnolio-1152x1536.jpg 1152w, https:\/\/andreacujar.com\/wp-content\/uploads\/2024\/08\/Magnolio.jpg 1200w\" sizes=\"(max-width: 768px) 100vw, 768px\" \/>\t\t\t\t\t\t\t\t\t\t\t\t\t\t\t<\/div>\n\t\t\t\t<\/div>\n\t\t\t\t<\/div>\n\t\t<div class=\"elementor-element elementor-element-8b6e606 e-con-full e-flex e-con e-child\" data-id=\"8b6e606\" data-element_type=\"container\" data-e-type=\"container\">\n\t\t\t\t<div class=\"elementor-element elementor-element-1020cf4 elementor-widget elementor-widget-heading\" data-id=\"1020cf4\" data-element_type=\"widget\" data-e-type=\"widget\" data-widget_type=\"heading.default\">\n\t\t\t\t<div class=\"elementor-widget-container\">\n\t\t\t\t\t<h2 class=\"elementor-heading-title elementor-size-default\">UNE EMOTION A L'ORIGINE D'UN BIJOU<\/h2>\t\t\t\t<\/div>\n\t\t\t\t<\/div>\n\t\t\t\t<div class=\"elementor-element elementor-element-e05584f elementor-widget elementor-widget-text-editor\" data-id=\"e05584f\" data-element_type=\"widget\" data-e-type=\"widget\" data-widget_type=\"text-editor.default\">\n\t\t\t\t<div class=\"elementor-widget-container\">\n\t\t\t\t\t\t\t\t\t<p data-start=\"370\" data-end=\"751\">En tant que bijouti\u00e8re passionn\u00e9e par la nature, je m\u2019inspire des arbres de ma ville pour cr\u00e9er ma collection de bijoux Les Arbres de Paris.<br data-start=\"514\" data-end=\"517\" \/>Pour mieux illustrer cette d\u00e9marche, quoi de mieux qu\u2019une histoire\u2026<br data-start=\"590\" data-end=\"593\" \/>C\u2019est au croisement d\u2019une rue parisienne que j\u2019ai rencontr\u00e9 un Magnolia blanc, avec un feuillage d\u2019un vert profond et des fleurs d\u2019une puret\u00e9 saisissante.<\/p><p data-start=\"757\" data-end=\"966\">Ce souvenir, encore vif en moi, m\u2019a profond\u00e9ment marqu\u00e9e. J\u2019ai alors voulu immortaliser cette \u00e9motion en cr\u00e9ant un bijou inspir\u00e9 par la canop\u00e9e des arbres parisiens \u2014 un hommage \u00e0 leur force silencieuse.<\/p><p data-start=\"972\" data-end=\"1179\">\u00c0 travers cette<strong> \u00e9dition limit\u00e9e <\/strong>de ma<strong> collection de bijoux Les Arbres de Paris,<\/strong> je souhaite exprimer ma gratitude envers ces arbres urbains qui purifient l\u2019air, et nous offrent \u00e9nergie, po\u00e9sie et inspiration au quotidien.<\/p><p data-start=\"1185\" data-end=\"1313\">Enfin, j\u2019esp\u00e8re que vous trouverez dans cette collection la pi\u00e8ce unique qui vous reliera \u00e0 votre propre arbre de Paris.<\/p>\t\t\t\t\t\t\t\t<\/div>\n\t\t\t\t<\/div>\n\t\t\t\t<\/div>\n\t\t\t\t\t<\/div>\n\t\t\t\t<\/div>\n\t\t<div class=\"elementor-element elementor-element-5ac20902 e-flex e-con-boxed e-con e-parent\" data-id=\"5ac20902\" data-element_type=\"container\" data-e-type=\"container\">\n\t\t\t\t\t<div class=\"e-con-inner\">\n\t\t<div class=\"elementor-element elementor-element-69d54c55 e-con-full e-flex e-con e-child\" data-id=\"69d54c55\" data-element_type=\"container\" data-e-type=\"container\">\n\t\t<div class=\"elementor-element elementor-element-3e190bca e-con-full e-flex e-con e-child\" data-id=\"3e190bca\" data-element_type=\"container\" data-e-type=\"container\">\n\t\t\t\t<div class=\"elementor-element elementor-element-cbd6802 elementor-widget elementor-widget-image\" data-id=\"cbd6802\" data-element_type=\"widget\" data-e-type=\"widget\" data-widget_type=\"image.default\">\n\t\t\t\t<div class=\"elementor-widget-container\">\n\t\t\t\t\t\t\t\t\t\t\t\t\t\t\t<img decoding=\"async\" width=\"660\" height=\"1024\" src=\"https:\/\/andreacujar.com\/wp-content\/uploads\/2024\/07\/Bureau-660x1024.webp\" class=\"attachment-large size-large wp-image-4603\" alt=\"Atelier de joaillerie artisanale avec outils traditionnels pour la cr\u00e9ation de bijoux en laiton recycl\u00e9.\" srcset=\"https:\/\/andreacujar.com\/wp-content\/uploads\/2024\/07\/Bureau-660x1024.webp 660w, https:\/\/andreacujar.com\/wp-content\/uploads\/2024\/07\/Bureau-600x930.webp 600w, https:\/\/andreacujar.com\/wp-content\/uploads\/2024\/07\/Bureau-194x300.webp 194w, https:\/\/andreacujar.com\/wp-content\/uploads\/2024\/07\/Bureau-768x1191.webp 768w, https:\/\/andreacujar.com\/wp-content\/uploads\/2024\/07\/Bureau-991x1536.webp 991w, https:\/\/andreacujar.com\/wp-content\/uploads\/2024\/07\/Bureau.webp 1032w\" sizes=\"(max-width: 660px) 100vw, 660px\" \/>\t\t\t\t\t\t\t\t\t\t\t\t\t\t\t<\/div>\n\t\t\t\t<\/div>\n\t\t\t\t<div class=\"elementor-element elementor-element-a75acc5 elementor-widget elementor-widget-image\" data-id=\"a75acc5\" data-element_type=\"widget\" data-e-type=\"widget\" data-widget_type=\"image.default\">\n\t\t\t\t<div class=\"elementor-widget-container\">\n\t\t\t\t\t\t\t\t\t\t\t\t\t\t\t<img loading=\"lazy\" decoding=\"async\" width=\"683\" height=\"1024\" src=\"https:\/\/andreacujar.com\/wp-content\/uploads\/2024\/07\/Travail-de-scie-avec-bocfil-scier-683x1024.jpg\" class=\"attachment-large size-large wp-image-3855\" alt=\"D\u00e9coupe artisanale de motifs de canop\u00e9e dans du laiton pour la collection &quot;Les Arbres de Paris&quot;.\" srcset=\"https:\/\/andreacujar.com\/wp-content\/uploads\/2024\/07\/Travail-de-scie-avec-bocfil-scier-683x1024.jpg 683w, https:\/\/andreacujar.com\/wp-content\/uploads\/2024\/07\/Travail-de-scie-avec-bocfil-scier-200x300.jpg 200w, https:\/\/andreacujar.com\/wp-content\/uploads\/2024\/07\/Travail-de-scie-avec-bocfil-scier-768x1152.jpg 768w, https:\/\/andreacujar.com\/wp-content\/uploads\/2024\/07\/Travail-de-scie-avec-bocfil-scier-1024x1536.jpg 1024w, https:\/\/andreacujar.com\/wp-content\/uploads\/2024\/07\/Travail-de-scie-avec-bocfil-scier-1365x2048.jpg 1365w, https:\/\/andreacujar.com\/wp-content\/uploads\/2024\/07\/Travail-de-scie-avec-bocfil-scier.jpg 1280w\" sizes=\"(max-width: 683px) 100vw, 683px\" \/>\t\t\t\t\t\t\t\t\t\t\t\t\t\t\t<\/div>\n\t\t\t\t<\/div>\n\t\t\t\t<\/div>\n\t\t<div class=\"elementor-element elementor-element-6827a76f e-con-full e-flex e-con e-child\" data-id=\"6827a76f\" data-element_type=\"container\" data-e-type=\"container\">\n\t\t\t\t<div class=\"elementor-element elementor-element-a22ede1 elementor-widget elementor-widget-image\" data-id=\"a22ede1\" data-element_type=\"widget\" data-e-type=\"widget\" data-widget_type=\"image.default\">\n\t\t\t\t<div class=\"elementor-widget-container\">\n\t\t\t\t\t\t\t\t\t\t\t\t\t\t\t<img loading=\"lazy\" decoding=\"async\" width=\"683\" height=\"1024\" src=\"https:\/\/andreacujar.com\/wp-content\/uploads\/2024\/07\/Travail-demerissage-683x1024.jpg\" class=\"attachment-large size-large wp-image-3856\" alt=\"\u00c9merisage manuel d&#039;un bijou en forme de canop\u00e9e dans un atelier parisien. Collection Les Arbres de Paris\" srcset=\"https:\/\/andreacujar.com\/wp-content\/uploads\/2024\/07\/Travail-demerissage-683x1024.jpg 683w, https:\/\/andreacujar.com\/wp-content\/uploads\/2024\/07\/Travail-demerissage-600x900.jpg 600w, https:\/\/andreacujar.com\/wp-content\/uploads\/2024\/07\/Travail-demerissage-200x300.jpg 200w, https:\/\/andreacujar.com\/wp-content\/uploads\/2024\/07\/Travail-demerissage-768x1152.jpg 768w, https:\/\/andreacujar.com\/wp-content\/uploads\/2024\/07\/Travail-demerissage-1024x1536.jpg 1024w, https:\/\/andreacujar.com\/wp-content\/uploads\/2024\/07\/Travail-demerissage-1365x2048.jpg 1365w, https:\/\/andreacujar.com\/wp-content\/uploads\/2024\/07\/Travail-demerissage.jpg 1280w\" sizes=\"(max-width: 683px) 100vw, 683px\" \/>\t\t\t\t\t\t\t\t\t\t\t\t\t\t\t<\/div>\n\t\t\t\t<\/div>\n\t\t\t\t<div class=\"elementor-element elementor-element-f56d1c4 elementor-widget elementor-widget-image\" data-id=\"f56d1c4\" data-element_type=\"widget\" data-e-type=\"widget\" data-widget_type=\"image.default\">\n\t\t\t\t<div class=\"elementor-widget-container\">\n\t\t\t\t\t\t\t\t\t\t\t\t\t\t\t<img loading=\"lazy\" decoding=\"async\" width=\"683\" height=\"1024\" src=\"https:\/\/andreacujar.com\/wp-content\/uploads\/2024\/07\/Travail-de-soudure-683x1024.jpg\" class=\"attachment-large size-large wp-image-3859\" alt=\"Soudure artisanale de boucles d&#039;oreilles inspir\u00e9es des arbres parisiens. Collection Les Arbres de Paris\" srcset=\"https:\/\/andreacujar.com\/wp-content\/uploads\/2024\/07\/Travail-de-soudure-683x1024.jpg 683w, https:\/\/andreacujar.com\/wp-content\/uploads\/2024\/07\/Travail-de-soudure-600x900.jpg 600w, https:\/\/andreacujar.com\/wp-content\/uploads\/2024\/07\/Travail-de-soudure-200x300.jpg 200w, https:\/\/andreacujar.com\/wp-content\/uploads\/2024\/07\/Travail-de-soudure-768x1152.jpg 768w, https:\/\/andreacujar.com\/wp-content\/uploads\/2024\/07\/Travail-de-soudure-1024x1536.jpg 1024w, https:\/\/andreacujar.com\/wp-content\/uploads\/2024\/07\/Travail-de-soudure-1365x2048.jpg 1365w, https:\/\/andreacujar.com\/wp-content\/uploads\/2024\/07\/Travail-de-soudure.jpg 1280w\" sizes=\"(max-width: 683px) 100vw, 683px\" \/>\t\t\t\t\t\t\t\t\t\t\t\t\t\t\t<\/div>\n\t\t\t\t<\/div>\n\t\t\t\t<\/div>\n\t\t\t\t<\/div>\n\t\t<div class=\"elementor-element elementor-element-3c94cbcc e-con-full e-flex e-con e-child\" data-id=\"3c94cbcc\" data-element_type=\"container\" data-e-type=\"container\">\n\t\t\t\t<div class=\"elementor-element elementor-element-6c9871e elementor-widget elementor-widget-heading\" data-id=\"6c9871e\" data-element_type=\"widget\" data-e-type=\"widget\" data-widget_type=\"heading.default\">\n\t\t\t\t<div class=\"elementor-widget-container\">\n\t\t\t\t\t<h2 class=\"elementor-heading-title elementor-size-default\">COLLECTION DE BIJOUX LES ARBRES DE PARIS : une fabrication artisanale et responsable<\/h2>\t\t\t\t<\/div>\n\t\t\t\t<\/div>\n\t\t\t\t<div class=\"elementor-element elementor-element-42ce764 elementor-widget elementor-widget-text-editor\" data-id=\"42ce764\" data-element_type=\"widget\" data-e-type=\"widget\" data-widget_type=\"text-editor.default\">\n\t\t\t\t<div class=\"elementor-widget-container\">\n\t\t\t\t\t\t\t\t\t<p data-start=\"476\" data-end=\"784\">\u00ab Les Arbres de Paris \u00bb est ma deuxi\u00e8me collection de bijoux artisanaux, compos\u00e9e de boucles d\u2019oreilles et de pendentifs en \u00e9dition limit\u00e9e. Comme pour chacune de mes cr\u00e9ations, chaque pi\u00e8ce est fabriqu\u00e9e \u00e0 la main dans mon atelier en utilisant les techniques classiques de bijouterie telles que la ciselure et la filigrane. Ces pi\u00e8ces uniques sont r\u00e9alis\u00e9es \u00e0 partir de laiton recycl\u00e9, puis plaqu\u00e9es or et en argent.<\/p><p data-start=\"789\" data-end=\"1006\">Pour enrichir davantage cette collection, je combine diff\u00e9rentes techniques, comme l\u2019\u00e9maillage \u00e0 froid, afin de donner \u00e0 chaque cr\u00e9ation un caract\u00e8re unique, inspir\u00e9 des arbres urbains et de la canop\u00e9e parisienne.<\/p><p data-start=\"1011\" data-end=\"1217\">Ce travail minutieux, que je d\u00e9veloppe avec soin, demande patience et pr\u00e9cision. Il me permet de traduire en bijou l\u2019\u00e9motion d\u2019un feuillage, la silhouette d\u2019un tronc, ou encore l\u2019\u00e9l\u00e9gance d\u2019une branche.<\/p><p data-start=\"1222\" data-end=\"1394\">Par ailleurs, rien n\u2019est laiss\u00e9 au hasard : la mati\u00e8re est choisie avec attention, et les finitions refl\u00e8tent mon engagement pour une fabrication responsable et locale.<\/p><p data-start=\"1399\" data-end=\"1551\">\u00c0 travers cette collection de bijoux Les Arbres de Paris, je souhaite transmettre un fragment de la nature citadine, fa\u00e7onn\u00e9 par la main et le c\u0153ur.<\/p>\t\t\t\t\t\t\t\t<\/div>\n\t\t\t\t<\/div>\n\t\t\t\t<\/div>\n\t\t\t\t\t<\/div>\n\t\t\t\t<\/div>\n\t\t<div class=\"elementor-element elementor-element-6ce5fa4 e-flex e-con-boxed e-con e-parent\" data-id=\"6ce5fa4\" data-element_type=\"container\" data-e-type=\"container\">\n\t\t\t\t\t<div class=\"e-con-inner\">\n\t\t\t\t<div class=\"elementor-element elementor-element-b1056d4 elementor-widget elementor-widget-heading\" data-id=\"b1056d4\" data-element_type=\"widget\" data-e-type=\"widget\" data-widget_type=\"heading.default\">\n\t\t\t\t<div class=\"elementor-widget-container\">\n\t\t\t\t\t<h2 class=\"elementor-heading-title elementor-size-default\">COLLECTION INSPIR\u00c9E\n                                    DES CANOP\u00c9ES DES ARBRES DE PARIS <\/h2>\t\t\t\t<\/div>\n\t\t\t\t<\/div>\n\t\t<div class=\"elementor-element elementor-element-d8c5fbe e-con-full e-flex e-con e-child\" data-id=\"d8c5fbe\" data-element_type=\"container\" data-e-type=\"container\">\n\t\t\t\t<div class=\"elementor-element elementor-element-46c701c elementor-align-center elementor-widget elementor-widget-shopengine-product-list\" data-id=\"46c701c\" data-element_type=\"widget\" data-e-type=\"widget\" data-settings=\"{&quot;show_product_hover_overlay&quot;:&quot;yes&quot;,&quot;product_hover_overlay_position&quot;:&quot;bottom&quot;}\" data-widget_type=\"shopengine-product-list.default\">\n\t\t\t\t<div class=\"elementor-widget-container\">\n\t\t\t\t\t<div class=\"shopengine shopengine-widget\"><\/div>\t\t\t\t<\/div>\n\t\t\t\t<\/div>\n\t\t\t\t<\/div>\n\t\t\t\t\t<\/div>\n\t\t\t\t<\/div>\n\t\t<div class=\"elementor-element elementor-element-9a20274 e-flex e-con-boxed e-con e-parent\" data-id=\"9a20274\" data-element_type=\"container\" data-e-type=\"container\">\n\t\t\t\t\t<div class=\"e-con-inner\">\n\t\t<div class=\"elementor-element elementor-element-51950bf e-con-full e-flex e-con e-child\" data-id=\"51950bf\" data-element_type=\"container\" data-e-type=\"container\">\n\t\t<div class=\"elementor-element elementor-element-e360545 e-con-full e-flex e-con e-child\" data-id=\"e360545\" data-element_type=\"container\" data-e-type=\"container\">\n\t\t\t\t<div class=\"elementor-element elementor-element-e47b001 elementor-widget elementor-widget-image\" data-id=\"e47b001\" data-element_type=\"widget\" data-e-type=\"widget\" data-widget_type=\"image.default\">\n\t\t\t\t<div class=\"elementor-widget-container\">\n\t\t\t\t\t\t\t\t\t\t\t\t\t\t\t<img loading=\"lazy\" decoding=\"async\" width=\"768\" height=\"1024\" src=\"https:\/\/andreacujar.com\/wp-content\/uploads\/2024\/11\/Paris-arbol-noche-768x1024.jpeg\" class=\"attachment-large size-large wp-image-7099\" alt=\"Jardin des Champs de Mars avec un Ginkgo aux feuilles dor\u00e9es pr\u00e8s de la Tour Eiffel illumin\u00e9e. Collection Les Arbres de Paris\" srcset=\"https:\/\/andreacujar.com\/wp-content\/uploads\/2024\/11\/Paris-arbol-noche-768x1024.jpeg 768w, https:\/\/andreacujar.com\/wp-content\/uploads\/2024\/11\/Paris-arbol-noche-225x300.jpeg 225w, https:\/\/andreacujar.com\/wp-content\/uploads\/2024\/11\/Paris-arbol-noche-1152x1536.jpeg 1152w, https:\/\/andreacujar.com\/wp-content\/uploads\/2024\/11\/Paris-arbol-noche-9x12.jpeg 9w, https:\/\/andreacujar.com\/wp-content\/uploads\/2024\/11\/Paris-arbol-noche-600x800.jpeg 600w, https:\/\/andreacujar.com\/wp-content\/uploads\/2024\/11\/Paris-arbol-noche.jpeg 1200w\" sizes=\"(max-width: 768px) 100vw, 768px\" \/>\t\t\t\t\t\t\t\t\t\t\t\t\t\t\t<\/div>\n\t\t\t\t<\/div>\n\t\t\t\t<div class=\"elementor-element elementor-element-700408e6 elementor-widget elementor-widget-image\" data-id=\"700408e6\" data-element_type=\"widget\" data-e-type=\"widget\" data-widget_type=\"image.default\">\n\t\t\t\t<div class=\"elementor-widget-container\">\n\t\t\t\t\t\t\t\t\t\t\t\t\t\t\t<img loading=\"lazy\" decoding=\"async\" width=\"1024\" height=\"768\" src=\"https:\/\/andreacujar.com\/wp-content\/uploads\/2024\/07\/Arbres-a-Paris--1024x768.webp\" class=\"attachment-large size-large wp-image-2964\" alt=\"Canal Saint-Martin bord\u00e9 d&#039;arbres verdoyants sous un ciel bleu \u00e9clatant.\" srcset=\"https:\/\/andreacujar.com\/wp-content\/uploads\/2024\/07\/Arbres-a-Paris--1024x768.webp 1024w, https:\/\/andreacujar.com\/wp-content\/uploads\/2024\/07\/Arbres-a-Paris--300x225.webp 300w, https:\/\/andreacujar.com\/wp-content\/uploads\/2024\/07\/Arbres-a-Paris--768x576.webp 768w, https:\/\/andreacujar.com\/wp-content\/uploads\/2024\/07\/Arbres-a-Paris--1536x1152.webp 1536w, https:\/\/andreacujar.com\/wp-content\/uploads\/2024\/07\/Arbres-a-Paris--2048x1536.webp 2048w\" sizes=\"(max-width: 1024px) 100vw, 1024px\" \/>\t\t\t\t\t\t\t\t\t\t\t\t\t\t\t<\/div>\n\t\t\t\t<\/div>\n\t\t\t\t<\/div>\n\t\t<div class=\"elementor-element elementor-element-1050d42 e-con-full e-flex e-con e-child\" data-id=\"1050d42\" data-element_type=\"container\" data-e-type=\"container\">\n\t\t\t\t<div class=\"elementor-element elementor-element-eac8950 elementor-widget elementor-widget-image\" data-id=\"eac8950\" data-element_type=\"widget\" data-e-type=\"widget\" data-widget_type=\"image.default\">\n\t\t\t\t<div class=\"elementor-widget-container\">\n\t\t\t\t\t\t\t\t\t\t\t\t\t\t\t<img loading=\"lazy\" decoding=\"async\" width=\"1024\" height=\"683\" src=\"https:\/\/andreacujar.com\/wp-content\/uploads\/2024\/07\/torre-arboles-2-1024x683.webp\" class=\"attachment-large size-large wp-image-2968\" alt=\"Alignement d&#039;arbres avec vue sur la Tour Eiffel, illustrant le patrimoine v\u00e9g\u00e9tal parisien.\" srcset=\"https:\/\/andreacujar.com\/wp-content\/uploads\/2024\/07\/torre-arboles-2-1024x683.webp 1024w, https:\/\/andreacujar.com\/wp-content\/uploads\/2024\/07\/torre-arboles-2-300x200.webp 300w, https:\/\/andreacujar.com\/wp-content\/uploads\/2024\/07\/torre-arboles-2-768x512.webp 768w, https:\/\/andreacujar.com\/wp-content\/uploads\/2024\/07\/torre-arboles-2-1536x1024.webp 1536w, https:\/\/andreacujar.com\/wp-content\/uploads\/2024\/07\/torre-arboles-2-2048x1365.webp 2048w\" sizes=\"(max-width: 1024px) 100vw, 1024px\" \/>\t\t\t\t\t\t\t\t\t\t\t\t\t\t\t<\/div>\n\t\t\t\t<\/div>\n\t\t\t\t<div class=\"elementor-element elementor-element-55178576 elementor-widget elementor-widget-image\" data-id=\"55178576\" data-element_type=\"widget\" data-e-type=\"widget\" data-widget_type=\"image.default\">\n\t\t\t\t<div class=\"elementor-widget-container\">\n\t\t\t\t\t\t\t\t\t\t\t\t\t\t\t<img loading=\"lazy\" decoding=\"async\" width=\"1024\" height=\"575\" src=\"https:\/\/andreacujar.com\/wp-content\/uploads\/2024\/07\/Paris-sena-1024x575.webp\" class=\"attachment-large size-large wp-image-2973\" alt=\"Vue sur la Seine entour\u00e9e d&#039;arbres luxuriants en plein c\u0153ur de Paris.\" srcset=\"https:\/\/andreacujar.com\/wp-content\/uploads\/2024\/07\/Paris-sena-1024x575.webp 1024w, https:\/\/andreacujar.com\/wp-content\/uploads\/2024\/07\/Paris-sena-300x169.webp 300w, https:\/\/andreacujar.com\/wp-content\/uploads\/2024\/07\/Paris-sena-768x432.webp 768w, https:\/\/andreacujar.com\/wp-content\/uploads\/2024\/07\/Paris-sena-1536x863.webp 1536w, https:\/\/andreacujar.com\/wp-content\/uploads\/2024\/07\/Paris-sena-2048x1151.webp 2048w, https:\/\/andreacujar.com\/wp-content\/uploads\/2024\/07\/Paris-sena-800x450.webp 800w\" sizes=\"(max-width: 1024px) 100vw, 1024px\" \/>\t\t\t\t\t\t\t\t\t\t\t\t\t\t\t<\/div>\n\t\t\t\t<\/div>\n\t\t\t\t<\/div>\n\t\t\t\t<\/div>\n\t\t<div class=\"elementor-element elementor-element-403ee41 e-con-full e-flex e-con e-child\" data-id=\"403ee41\" data-element_type=\"container\" data-e-type=\"container\">\n\t\t\t\t<div class=\"elementor-element elementor-element-36bb46b elementor-widget elementor-widget-heading\" data-id=\"36bb46b\" data-element_type=\"widget\" data-e-type=\"widget\" data-widget_type=\"heading.default\">\n\t\t\t\t<div class=\"elementor-widget-container\">\n\t\t\t\t\t<h3 class=\"elementor-heading-title elementor-size-default\">Une inspiration urbaine et po\u00e9tique<\/h3>\t\t\t\t<\/div>\n\t\t\t\t<\/div>\n\t\t\t\t<div class=\"elementor-element elementor-element-91cf618 elementor-widget elementor-widget-text-editor\" data-id=\"91cf618\" data-element_type=\"widget\" data-e-type=\"widget\" data-widget_type=\"text-editor.default\">\n\t\t\t\t<div class=\"elementor-widget-container\">\n\t\t\t\t\t\t\t\t\t<p data-start=\"487\" data-end=\"755\">\u00c0 Paris, on compte environ 100 000 arbres dans les rues, et plus de 480 000 lorsqu\u2019on inclut les parcs et jardins publics. Autrement dit, ces canop\u00e9es urbaines fa\u00e7onnent l\u2019identit\u00e9 de la ville, tout en jouant un r\u00f4le essentiel pour la qualit\u00e9 de vie des habitants.<\/p><p data-start=\"760\" data-end=\"1046\">En effet, les arbres de Paris sont au c\u0153ur d\u2019un \u00e9cosyst\u00e8me urbain o\u00f9 la nature et l\u2019architecture cohabitent. Ils contribuent non seulement \u00e0 l\u2019\u00e9cologie urbaine, mais aussi \u00e0 l\u2019imaginaire collectif. Leur pr\u00e9sence offre un \u00e9quilibre entre l\u2019esth\u00e9tique, le bien-\u00eatre, et la durabilit\u00e9.<\/p><p data-start=\"1051\" data-end=\"1266\">C\u2019est pourquoi, \u00e0 travers ma collection de bijoux inspir\u00e9e par la nature, je rends hommage \u00e0 ces arbres qui participent depuis plus d\u2019un si\u00e8cle \u00e0 la construction de la ville de Paris et de son avenir \u00e9cologique.<\/p><p data-start=\"1271\" data-end=\"1444\">La Collection Les Arbres de Paris est n\u00e9e de cette admiration et de ce d\u00e9sir de transmettre, \u00e0 travers le bijou, la beaut\u00e9 silencieuse mais puissante des arbres urbains.<\/p>\t\t\t\t\t\t\t\t<\/div>\n\t\t\t\t<\/div>\n\t\t\t\t<div class=\"elementor-element elementor-element-9e716f7 elementor-button-info elementor-align-right elementor-widget elementor-widget-button\" data-id=\"9e716f7\" data-element_type=\"widget\" data-e-type=\"widget\" data-widget_type=\"button.default\">\n\t\t\t\t<div class=\"elementor-widget-container\">\n\t\t\t\t\t\t\t\t\t<div class=\"elementor-button-wrapper\">\n\t\t\t\t\t<a class=\"elementor-button elementor-button-link elementor-size-sm\" href=\"https:\/\/www.capitale-biodiversite.fr\/experiences\/le-plan-arbre-de-paris\">\n\t\t\t\t\t\t<span class=\"elementor-button-content-wrapper\">\n\t\t\t\t\t\t\t\t\t<span class=\"elementor-button-text\">Le Plan \"Arbre de Paris\" valorise ces actions en faveur d'une ville plus verte et r\u00e9siliente.<\/span>\n\t\t\t\t\t<\/span>\n\t\t\t\t\t<\/a>\n\t\t\t\t<\/div>\n\t\t\t\t\t\t\t\t<\/div>\n\t\t\t\t<\/div>\n\t\t\t\t<\/div>\n\t\t\t\t\t<\/div>\n\t\t\t\t<\/div>\n\t\t<div class=\"elementor-element elementor-element-b23b5c6 e-flex e-con-boxed e-con e-parent\" data-id=\"b23b5c6\" data-element_type=\"container\" data-e-type=\"container\">\n\t\t\t\t\t<div class=\"e-con-inner\">\n\t\t\t\t<div class=\"elementor-element elementor-element-52315e7 elementor-widget elementor-widget-heading\" data-id=\"52315e7\" data-element_type=\"widget\" data-e-type=\"widget\" data-widget_type=\"heading.default\">\n\t\t\t\t<div class=\"elementor-widget-container\">\n\t\t\t\t\t<h2 class=\"elementor-heading-title elementor-size-default\">LES ARBRES URBAINS ET SES AVANTAGES \u00c9COLOGIQUES<\/h2>\t\t\t\t<\/div>\n\t\t\t\t<\/div>\n\t\t\t\t<div class=\"elementor-element elementor-element-1f239d2 elementor-widget elementor-widget-heading\" data-id=\"1f239d2\" data-element_type=\"widget\" data-e-type=\"widget\" data-widget_type=\"heading.default\">\n\t\t\t\t<div class=\"elementor-widget-container\">\n\t\t\t\t\t<h3 class=\"elementor-heading-title elementor-size-default\">Les bienfaits \u00e9cologiques des arbres parisiens, en cinq points<\/h3>\t\t\t\t<\/div>\n\t\t\t\t<\/div>\n\t\t\t\t\t<\/div>\n\t\t\t\t<\/div>\n\t\t<div class=\"elementor-element elementor-element-f07533b e-flex e-con-boxed e-con e-parent\" data-id=\"f07533b\" data-element_type=\"container\" data-e-type=\"container\">\n\t\t\t\t\t<div class=\"e-con-inner\">\n\t\t<div class=\"elementor-element elementor-element-e57e159 e-con-full e-flex e-con e-child\" data-id=\"e57e159\" data-element_type=\"container\" data-e-type=\"container\">\n\t\t\t\t<div class=\"elementor-element elementor-element-ed1695f elementor-position-top elementor-widget elementor-widget-image-box\" data-id=\"ed1695f\" data-element_type=\"widget\" data-e-type=\"widget\" data-widget_type=\"image-box.default\">\n\t\t\t\t<div class=\"elementor-widget-container\">\n\t\t\t\t\t<div class=\"elementor-image-box-wrapper\"><figure class=\"elementor-image-box-img\"><img loading=\"lazy\" decoding=\"async\" width=\"200\" height=\"300\" src=\"https:\/\/andreacujar.com\/wp-content\/uploads\/2024\/07\/Arbres-blanc-et-noir-Alison-1-200x300.webp\" class=\"attachment-medium size-medium wp-image-4415\" alt=\"Vue depuis la base d&#039;un arbre parisien vers un ciel, illustrant la captation de pollution.\" srcset=\"https:\/\/andreacujar.com\/wp-content\/uploads\/2024\/07\/Arbres-blanc-et-noir-Alison-1-200x300.webp 200w, https:\/\/andreacujar.com\/wp-content\/uploads\/2024\/07\/Arbres-blanc-et-noir-Alison-1-scaled-600x900.webp 600w, https:\/\/andreacujar.com\/wp-content\/uploads\/2024\/07\/Arbres-blanc-et-noir-Alison-1-683x1024.webp 683w, https:\/\/andreacujar.com\/wp-content\/uploads\/2024\/07\/Arbres-blanc-et-noir-Alison-1-768x1152.webp 768w, https:\/\/andreacujar.com\/wp-content\/uploads\/2024\/07\/Arbres-blanc-et-noir-Alison-1-1024x1536.webp 1024w, https:\/\/andreacujar.com\/wp-content\/uploads\/2024\/07\/Arbres-blanc-et-noir-Alison-1-1365x2048.webp 1365w, https:\/\/andreacujar.com\/wp-content\/uploads\/2024\/07\/Arbres-blanc-et-noir-Alison-1-scaled.webp 1707w\" sizes=\"(max-width: 200px) 100vw, 200px\" \/><\/figure><div class=\"elementor-image-box-content\"><h4 class=\"elementor-image-box-title\">1. R\u00e9duction de la pollution de l'air :<\/h4><p class=\"elementor-image-box-description\">Tout d\u2019abord, les arbres urbains, tout comme mes bijoux inspir\u00e9s par la nature et fabriqu\u00e9s \u00e0 Paris, ont un impact positif sur notre environnement. Chaque arbre peut capturer jusqu'\u00e0 1,3 kg de particules fines (PM2.5) par an. \u00c0 Paris, cela repr\u00e9sente une quantit\u00e9 significative de polluants absorb\u00e9s, contribuant ainsi \u00e0 une meilleure qualit\u00e9 de l'air pour les habitants. Cette action fait \u00e9cho \u00e0 ma d\u00e9marche de bijouterie responsable, respectueuse de l\u2019\u00e9cologie urbaine.<\/p><\/div><\/div>\t\t\t\t<\/div>\n\t\t\t\t<\/div>\n\t\t\t\t<\/div>\n\t\t<div class=\"elementor-element elementor-element-e53e13d e-con-full e-flex e-con e-child\" data-id=\"e53e13d\" data-element_type=\"container\" data-e-type=\"container\">\n\t\t\t\t<div class=\"elementor-element elementor-element-ae30ef4 elementor-position-top elementor-widget elementor-widget-image-box\" data-id=\"ae30ef4\" data-element_type=\"widget\" data-e-type=\"widget\" data-widget_type=\"image-box.default\">\n\t\t\t\t<div class=\"elementor-widget-container\">\n\t\t\t\t\t<div class=\"elementor-image-box-wrapper\"><figure class=\"elementor-image-box-img\"><img loading=\"lazy\" decoding=\"async\" width=\"200\" height=\"300\" src=\"https:\/\/andreacujar.com\/wp-content\/uploads\/2024\/07\/Arbre-de-Paris-200x300.webp\" class=\"attachment-medium size-medium wp-image-4996\" alt=\"Saule pleureur en milieu urbain offrant un ombrage rafra\u00eechissant durant l&#039;\u00e9t\u00e9.\" srcset=\"https:\/\/andreacujar.com\/wp-content\/uploads\/2024\/07\/Arbre-de-Paris-200x300.webp 200w, https:\/\/andreacujar.com\/wp-content\/uploads\/2024\/07\/Arbre-de-Paris-600x900.webp 600w, https:\/\/andreacujar.com\/wp-content\/uploads\/2024\/07\/Arbre-de-Paris-683x1024.webp 683w, https:\/\/andreacujar.com\/wp-content\/uploads\/2024\/07\/Arbre-de-Paris-768x1152.webp 768w, https:\/\/andreacujar.com\/wp-content\/uploads\/2024\/07\/Arbre-de-Paris-1024x1536.webp 1024w, https:\/\/andreacujar.com\/wp-content\/uploads\/2024\/07\/Arbre-de-Paris.webp 1280w\" sizes=\"(max-width: 200px) 100vw, 200px\" \/><\/figure><div class=\"elementor-image-box-content\"><h4 class=\"elementor-image-box-title\">2. R\u00e9gulation thermique :<br><\/h4><p class=\"elementor-image-box-description\">De plus, les arbres jouent un r\u00f4le essentiel dans la r\u00e9gulation thermique des villes. \u00c0 Paris, ils offrent des \u00eelots de fra\u00eecheur en \u00e9t\u00e9 en r\u00e9duisant les temp\u00e9ratures locales de plusieurs degr\u00e9s. Cette capacit\u00e9 naturelle \u00e0 rafra\u00eechir l\u2019environnement urbain m'inspire profond\u00e9ment : \u00e0 travers mes bijoux, je c\u00e9l\u00e8bre cet \u00e9quilibre harmonieux entre nature et confort urbain.\n<\/p><\/div><\/div>\t\t\t\t<\/div>\n\t\t\t\t<\/div>\n\t\t\t\t<\/div>\n\t\t<div class=\"elementor-element elementor-element-12fef0b e-con-full e-flex e-con e-child\" data-id=\"12fef0b\" data-element_type=\"container\" data-e-type=\"container\">\n\t\t\t\t<div class=\"elementor-element elementor-element-91327c5 elementor-position-top elementor-widget elementor-widget-image-box\" data-id=\"91327c5\" data-element_type=\"widget\" data-e-type=\"widget\" data-widget_type=\"image-box.default\">\n\t\t\t\t<div class=\"elementor-widget-container\">\n\t\t\t\t\t<div class=\"elementor-image-box-wrapper\"><figure class=\"elementor-image-box-img\"><img loading=\"lazy\" decoding=\"async\" width=\"225\" height=\"300\" src=\"https:\/\/andreacujar.com\/wp-content\/uploads\/2024\/07\/Arbol-Webp-225x300.webp\" class=\"attachment-medium size-medium wp-image-2980\" alt=\"C\u00e8dre majestueux en pleine rue parisienne, t\u00e9moin d&#039;un corridor \u00e9cologique urbain.\" srcset=\"https:\/\/andreacujar.com\/wp-content\/uploads\/2024\/07\/Arbol-Webp-225x300.webp 225w, https:\/\/andreacujar.com\/wp-content\/uploads\/2024\/07\/Arbol-Webp-768x1024.webp 768w, https:\/\/andreacujar.com\/wp-content\/uploads\/2024\/07\/Arbol-Webp-1152x1536.webp 1152w, https:\/\/andreacujar.com\/wp-content\/uploads\/2024\/07\/Arbol-Webp-1536x2048.webp 1536w, https:\/\/andreacujar.com\/wp-content\/uploads\/2024\/07\/Arbol-Webp-scaled.webp 1920w\" sizes=\"(max-width: 225px) 100vw, 225px\" \/><\/figure><div class=\"elementor-image-box-content\"><h4 class=\"elementor-image-box-title\">3. Biodiversit\u00e9 et corridors \u00e9cologiques : <\/h4><p class=\"elementor-image-box-description\">En parall\u00e8le, les arbres urbains forment des habitats pour une faune et une flore vari\u00e9es. \u00c0 Paris, la cr\u00e9ation de corridors \u00e9cologiques favorise la circulation des esp\u00e8ces et la pr\u00e9servation de la biodiversit\u00e9. Cette richesse vivante nourrit mon imaginaire : \u00e0 travers mes bijoux artisanaux inspir\u00e9s de la nature, je c\u00e9l\u00e8bre la beaut\u00e9 de cette vie discr\u00e8te, tout en m\u2019engageant pour une ville plus verte.<\/p><\/div><\/div>\t\t\t\t<\/div>\n\t\t\t\t<\/div>\n\t\t\t\t<\/div>\n\t\t\t\t\t<\/div>\n\t\t\t\t<\/div>\n\t\t<div class=\"elementor-element elementor-element-bca0052 e-flex e-con-boxed e-con e-parent\" data-id=\"bca0052\" data-element_type=\"container\" data-e-type=\"container\">\n\t\t\t\t\t<div class=\"e-con-inner\">\n\t\t<div class=\"elementor-element elementor-element-5d386ee e-con-full e-flex e-con e-child\" data-id=\"5d386ee\" data-element_type=\"container\" data-e-type=\"container\">\n\t\t\t\t<div class=\"elementor-element elementor-element-7dc72b3 elementor-position-top elementor-widget elementor-widget-image-box\" data-id=\"7dc72b3\" data-element_type=\"widget\" data-e-type=\"widget\" data-widget_type=\"image-box.default\">\n\t\t\t\t<div class=\"elementor-widget-container\">\n\t\t\t\t\t<div class=\"elementor-image-box-wrapper\"><figure class=\"elementor-image-box-img\"><img loading=\"lazy\" decoding=\"async\" width=\"225\" height=\"300\" src=\"https:\/\/andreacujar.com\/wp-content\/uploads\/2024\/07\/Arboles-mapa-1-225x300.webp\" class=\"attachment-medium size-medium wp-image-2978\" alt=\"Ancien plan de Paris montrant la v\u00e9g\u00e9talisation des quartiers en d\u00e9veloppement.\" srcset=\"https:\/\/andreacujar.com\/wp-content\/uploads\/2024\/07\/Arboles-mapa-1-225x300.webp 225w, https:\/\/andreacujar.com\/wp-content\/uploads\/2024\/07\/Arboles-mapa-1-768x1024.webp 768w, https:\/\/andreacujar.com\/wp-content\/uploads\/2024\/07\/Arboles-mapa-1-1152x1536.webp 1152w, https:\/\/andreacujar.com\/wp-content\/uploads\/2024\/07\/Arboles-mapa-1.webp 1200w\" sizes=\"(max-width: 225px) 100vw, 225px\" \/><\/figure><div class=\"elementor-image-box-content\"><h4 class=\"elementor-image-box-title\">4. Gestion des eaux pluviales :<\/h4><p class=\"elementor-image-box-description\">Par ailleurs, les arbres en ville interceptent une grande quantit\u00e9 d\u2019eau de pluie, aidant ainsi \u00e0 pr\u00e9venir les inondations et \u00e0 all\u00e9ger les r\u00e9seaux de drainage. \u00c0 Paris, cette contribution est essentielle pour une gestion durable de l\u2019eau. Dans ma collection, je rends hommage \u00e0 cet \u00e9quilibre naturel, en capturant la force discr\u00e8te et bienfaitrice des arbres dans chacune de mes cr\u00e9ations.<\/p><\/div><\/div>\t\t\t\t<\/div>\n\t\t\t\t<\/div>\n\t\t\t\t<\/div>\n\t\t<div class=\"elementor-element elementor-element-efd31f9 e-con-full e-flex e-con e-child\" data-id=\"efd31f9\" data-element_type=\"container\" data-e-type=\"container\">\n\t\t\t\t<div class=\"elementor-element elementor-element-434801a elementor-position-top elementor-widget elementor-widget-image-box\" data-id=\"434801a\" data-element_type=\"widget\" data-e-type=\"widget\" data-widget_type=\"image-box.default\">\n\t\t\t\t<div class=\"elementor-widget-container\">\n\t\t\t\t\t<div class=\"elementor-image-box-wrapper\"><figure class=\"elementor-image-box-img\"><img loading=\"lazy\" decoding=\"async\" width=\"300\" height=\"200\" src=\"https:\/\/andreacujar.com\/wp-content\/uploads\/2024\/07\/Les-oiseaux-300x200.webp\" class=\"attachment-medium size-medium wp-image-2258\" alt=\"Oiseau au plumage blanc et cr\u00eate noire perch\u00e9 sur une branche d&#039;arbre \u00e0 Paris, symbole de bien-\u00eatre mental et physique.\" srcset=\"https:\/\/andreacujar.com\/wp-content\/uploads\/2024\/07\/Les-oiseaux-300x200.webp 300w, https:\/\/andreacujar.com\/wp-content\/uploads\/2024\/07\/Les-oiseaux-1024x684.webp 1024w, https:\/\/andreacujar.com\/wp-content\/uploads\/2024\/07\/Les-oiseaux-768x513.webp 768w, https:\/\/andreacujar.com\/wp-content\/uploads\/2024\/07\/Les-oiseaux.webp 1280w\" sizes=\"(max-width: 300px) 100vw, 300px\" \/><\/figure><div class=\"elementor-image-box-content\"><h4 class=\"elementor-image-box-title\">5. Bien-\u00eatre mental et physique :<\/h4><p class=\"elementor-image-box-description\">En fin, les arbres et espaces verts en milieu urbain sont synonymes de s\u00e9r\u00e9nit\u00e9, de sant\u00e9 mentale et de vitalit\u00e9. \u00c0 Paris, ils offrent des lieux d\u2019\u00e9vasion et de ressourcement au quotidien. Observer un oiseau perch\u00e9 sur la branche d'un arbre, comme un messager de calme, nous rappelle l'importance de ces instants suspendus. Mes bijoux s'inspirent de cette paix int\u00e9rieure que nous offrent les arbres, invitant chacun \u00e0 porter un fragment de nature et de bien-\u00eatre sur soi.<\/p><\/div><\/div>\t\t\t\t<\/div>\n\t\t\t\t<\/div>\n\t\t\t\t<\/div>\n\t\t\t\t\t<\/div>\n\t\t\t\t<\/div>\n\t\t<div class=\"elementor-element elementor-element-817f198 e-flex e-con-boxed e-con e-parent\" data-id=\"817f198\" data-element_type=\"container\" data-e-type=\"container\">\n\t\t\t\t\t<div class=\"e-con-inner\">\n\t\t<div class=\"elementor-element elementor-element-a99db1e e-con-full e-flex e-con e-child\" data-id=\"a99db1e\" data-element_type=\"container\" data-e-type=\"container\">\n\t\t\t\t<div class=\"elementor-element elementor-element-1f055b4 elementor-widget-divider--view-line elementor-widget elementor-widget-divider\" data-id=\"1f055b4\" data-element_type=\"widget\" data-e-type=\"widget\" data-widget_type=\"divider.default\">\n\t\t\t\t<div class=\"elementor-widget-container\">\n\t\t\t\t\t\t\t<div class=\"elementor-divider\">\n\t\t\t<span class=\"elementor-divider-separator\">\n\t\t\t\t\t\t<\/span>\n\t\t<\/div>\n\t\t\t\t\t\t<\/div>\n\t\t\t\t<\/div>\n\t\t\t\t<\/div>\n\t\t\t\t\t<\/div>\n\t\t\t\t<\/div>\n\t\t<div class=\"elementor-element elementor-element-81a8821 e-flex e-con-boxed e-con e-parent\" data-id=\"81a8821\" data-element_type=\"container\" data-e-type=\"container\">\n\t\t\t\t\t<div class=\"e-con-inner\">\n\t\t\t\t<div class=\"elementor-element elementor-element-7eced1f elementor-button-info elementor-align-center elementor-mobile-align-center elementor-widget elementor-widget-button\" data-id=\"7eced1f\" data-element_type=\"widget\" data-e-type=\"widget\" data-widget_type=\"button.default\">\n\t\t\t\t<div class=\"elementor-widget-container\">\n\t\t\t\t\t\t\t\t\t<div class=\"elementor-button-wrapper\">\n\t\t\t\t\t<a class=\"elementor-button elementor-button-link elementor-size-sm\" href=\"http:\/\/andreacujar.com\/\">\n\t\t\t\t\t\t<span class=\"elementor-button-content-wrapper\">\n\t\t\t\t\t\t\t\t\t<span class=\"elementor-button-text\">Retour \u00e0 la page d'accueil<\/span>\n\t\t\t\t\t<\/span>\n\t\t\t\t\t<\/a>\n\t\t\t\t<\/div>\n\t\t\t\t\t\t\t\t<\/div>\n\t\t\t\t<\/div>\n\t\t\t\t<div class=\"elementor-element elementor-element-a830fc9 elementor-button-info elementor-align-center elementor-widget elementor-widget-button\" data-id=\"a830fc9\" data-element_type=\"widget\" data-e-type=\"widget\" data-widget_type=\"button.default\">\n\t\t\t\t<div class=\"elementor-widget-container\">\n\t\t\t\t\t\t\t\t\t<div class=\"elementor-button-wrapper\">\n\t\t\t\t\t<a class=\"elementor-button elementor-button-link elementor-size-sm\" href=\"https:\/\/andreacujar.com\/fr_fr\/collection-bijoux-inspiree-colombie\/\">\n\t\t\t\t\t\t<span class=\"elementor-button-content-wrapper\">\n\t\t\t\t\t\t\t\t\t<span class=\"elementor-button-text\">Collection Les Paysages Colombiens<\/span>\n\t\t\t\t\t<\/span>\n\t\t\t\t\t<\/a>\n\t\t\t\t<\/div>\n\t\t\t\t\t\t\t\t<\/div>\n\t\t\t\t<\/div>\n\t\t\t\t<div class=\"elementor-element elementor-element-1849081 elementor-button-info elementor-align-center elementor-widget elementor-widget-button\" data-id=\"1849081\" data-element_type=\"widget\" data-e-type=\"widget\" data-widget_type=\"button.default\">\n\t\t\t\t<div class=\"elementor-widget-container\">\n\t\t\t\t\t\t\t\t\t<div class=\"elementor-button-wrapper\">\n\t\t\t\t\t<a class=\"elementor-button elementor-button-link elementor-size-sm\" href=\"https:\/\/andreacujar.com\/fr_fr\/collection-les-mots-magiques-bijoux-porte-bonheur\/\">\n\t\t\t\t\t\t<span class=\"elementor-button-content-wrapper\">\n\t\t\t\t\t\t\t\t\t<span class=\"elementor-button-text\">Collection Les Mots Magiques <\/span>\n\t\t\t\t\t<\/span>\n\t\t\t\t\t<\/a>\n\t\t\t\t<\/div>\n\t\t\t\t\t\t\t\t<\/div>\n\t\t\t\t<\/div>\n\t\t\t\t<div class=\"elementor-element elementor-element-ff56b33 elementor-button-info elementor-align-center elementor-widget elementor-widget-button\" data-id=\"ff56b33\" data-element_type=\"widget\" data-e-type=\"widget\" data-widget_type=\"button.default\">\n\t\t\t\t<div class=\"elementor-widget-container\">\n\t\t\t\t\t\t\t\t\t<div class=\"elementor-button-wrapper\">\n\t\t\t\t\t<a class=\"elementor-button elementor-button-link elementor-size-sm\" href=\"https:\/\/andreacujar.com\/fr_fr\/bijoux-chocolat-chocofiserie\/\">\n\t\t\t\t\t\t<span class=\"elementor-button-content-wrapper\">\n\t\t\t\t\t\t\t\t\t<span class=\"elementor-button-text\">Collection La Chocofiserie<\/span>\n\t\t\t\t\t<\/span>\n\t\t\t\t\t<\/a>\n\t\t\t\t<\/div>\n\t\t\t\t\t\t\t\t<\/div>\n\t\t\t\t<\/div>\n\t\t\t\t\t<\/div>\n\t\t\t\t<\/div>\n\t\t\t\t<\/div>\n\t\t","protected":false},"excerpt":{"rendered":"<p>Les Arbres de Paris \u00a1Les Arbres de Paris, d\u00e9sormais \u00ab\u00a0Fabriqu\u00e9 \u00e0 Paris\u00a0\u00bb ! Je suis fi\u00e8re de vous annoncer que ma collection de bijoux Les Arbres de Paris est \u00e0 pr\u00e9sent labellis\u00e9e \u00ab Fabriqu\u00e9 \u00e0 Paris \u00bb. Ce label, attribu\u00e9 par la Ville de Paris, met en valeur l\u2019authenticit\u00e9 de ma bijouterie artisanale parisienne, enti\u00e8rement [&hellip;]<\/p>\n","protected":false},"author":3,"featured_media":6026,"parent":0,"menu_order":0,"comment_status":"closed","ping_status":"closed","template":"","meta":{"ocean_post_layout":"","ocean_both_sidebars_style":"","ocean_both_sidebars_content_width":0,"ocean_both_sidebars_sidebars_width":0,"ocean_sidebar":"0","ocean_second_sidebar":"0","ocean_disable_margins":"enable","ocean_add_body_class":"","ocean_shortcode_before_top_bar":"","ocean_shortcode_after_top_bar":"","ocean_shortcode_before_header":"","ocean_shortcode_after_header":"","ocean_has_shortcode":"","ocean_shortcode_after_title":"","ocean_shortcode_before_footer_widgets":"","ocean_shortcode_after_footer_widgets":"","ocean_shortcode_before_footer_bottom":"","ocean_shortcode_after_footer_bottom":"","ocean_display_top_bar":"default","ocean_display_header":"default","ocean_header_style":"","ocean_center_header_left_menu":"0","ocean_custom_header_template":"0","ocean_custom_logo":0,"ocean_custom_retina_logo":0,"ocean_custom_logo_max_width":0,"ocean_custom_logo_tablet_max_width":0,"ocean_custom_logo_mobile_max_width":0,"ocean_custom_logo_max_height":0,"ocean_custom_logo_tablet_max_height":0,"ocean_custom_logo_mobile_max_height":0,"ocean_header_custom_menu":"0","ocean_menu_typo_font_family":"0","ocean_menu_typo_font_subset":"","ocean_menu_typo_font_size":0,"ocean_menu_typo_font_size_tablet":0,"ocean_menu_typo_font_size_mobile":0,"ocean_menu_typo_font_size_unit":"px","ocean_menu_typo_font_weight":"","ocean_menu_typo_font_weight_tablet":"","ocean_menu_typo_font_weight_mobile":"","ocean_menu_typo_transform":"","ocean_menu_typo_transform_tablet":"","ocean_menu_typo_transform_mobile":"","ocean_menu_typo_line_height":0,"ocean_menu_typo_line_height_tablet":0,"ocean_menu_typo_line_height_mobile":0,"ocean_menu_typo_line_height_unit":"","ocean_menu_typo_spacing":0,"ocean_menu_typo_spacing_tablet":0,"ocean_menu_typo_spacing_mobile":0,"ocean_menu_typo_spacing_unit":"","ocean_menu_link_color":"","ocean_menu_link_color_hover":"","ocean_menu_link_color_active":"","ocean_menu_link_background":"","ocean_menu_link_hover_background":"","ocean_menu_link_active_background":"","ocean_menu_social_links_bg":"","ocean_menu_social_hover_links_bg":"","ocean_menu_social_links_color":"","ocean_menu_social_hover_links_color":"","ocean_disable_title":"default","ocean_disable_heading":"default","ocean_post_title":"","ocean_post_subheading":"","ocean_post_title_style":"","ocean_post_title_background_color":"","ocean_post_title_background":0,"ocean_post_title_bg_image_position":"","ocean_post_title_bg_image_attachment":"","ocean_post_title_bg_image_repeat":"","ocean_post_title_bg_image_size":"","ocean_post_title_height":0,"ocean_post_title_bg_overlay":0.5,"ocean_post_title_bg_overlay_color":"","ocean_disable_breadcrumbs":"default","ocean_breadcrumbs_color":"","ocean_breadcrumbs_separator_color":"","ocean_breadcrumbs_links_color":"","ocean_breadcrumbs_links_hover_color":"","ocean_display_footer_widgets":"default","ocean_display_footer_bottom":"default","ocean_custom_footer_template":"0","footnotes":""},"class_list":["post-194","page","type-page","status-publish","has-post-thumbnail","hentry","entry","has-media"],"yoast_head":"<!-- This site is optimized with the Yoast SEO plugin v27.5 - https:\/\/yoast.com\/product\/yoast-seo-wordpress\/ -->\n<title>Collection de bijoux Les Arbres de Paris. Inspir\u00e9s de ses canop\u00e9es - ANDREA CUJAR<\/title>\n<meta name=\"description\" content=\"Collection de bijoux dor\u00e9s inspir\u00e9s par les arbres de Paris. Pi\u00e8ces faites main, po\u00e9tiques et uniques. \u00c9dition prim\u00e9e &quot;Fabriqu\u00e9 \u00e0 Paris 2025&quot;\" \/>\n<meta name=\"robots\" content=\"index, follow, max-snippet:-1, max-image-preview:large, max-video-preview:-1\" \/>\n<link rel=\"canonical\" href=\"https:\/\/andreacujar.com\/fr_fr\/bijoux-arbres-paris\/\" \/>\n<meta property=\"og:locale\" content=\"fr_FR\" \/>\n<meta property=\"og:type\" content=\"article\" \/>\n<meta property=\"og:title\" content=\"Collection de bijoux Les Arbres de Paris. Inspir\u00e9s de ses canop\u00e9es - ANDREA CUJAR\" \/>\n<meta property=\"og:description\" content=\"Collection de bijoux dor\u00e9s inspir\u00e9s par les arbres de Paris. Pi\u00e8ces faites main, po\u00e9tiques et uniques. \u00c9dition prim\u00e9e &quot;Fabriqu\u00e9 \u00e0 Paris 2025&quot;\" \/>\n<meta property=\"og:url\" content=\"https:\/\/andreacujar.com\/fr_fr\/bijoux-arbres-paris\/\" \/>\n<meta property=\"og:site_name\" content=\"ANDREA CUJAR\" \/>\n<meta property=\"article:modified_time\" content=\"2025-08-26T14:17:55+00:00\" \/>\n<meta property=\"og:image\" content=\"https:\/\/andreacujar.com\/wp-content\/uploads\/2024\/09\/Foto-CONCEPTO-1.webp\" \/>\n\t<meta property=\"og:image:width\" content=\"1080\" \/>\n\t<meta property=\"og:image:height\" content=\"936\" \/>\n\t<meta property=\"og:image:type\" content=\"image\/webp\" \/>\n<meta name=\"twitter:card\" content=\"summary_large_image\" \/>\n<meta name=\"twitter:label1\" content=\"Dur\u00e9e de lecture estim\u00e9e\" \/>\n\t<meta name=\"twitter:data1\" content=\"9 minutes\" \/>\n<script type=\"application\/ld+json\" class=\"yoast-schema-graph\">{\"@context\":\"https:\\\/\\\/schema.org\",\"@graph\":[{\"@type\":\"WebPage\",\"@id\":\"https:\\\/\\\/andreacujar.com\\\/fr_fr\\\/bijoux-arbres-paris\\\/\",\"url\":\"https:\\\/\\\/andreacujar.com\\\/fr_fr\\\/bijoux-arbres-paris\\\/\",\"name\":\"Collection de bijoux Les Arbres de Paris. Inspir\u00e9s de ses canop\u00e9es - ANDREA CUJAR\",\"isPartOf\":{\"@id\":\"https:\\\/\\\/andreacujar.com\\\/#website\"},\"primaryImageOfPage\":{\"@id\":\"https:\\\/\\\/andreacujar.com\\\/fr_fr\\\/bijoux-arbres-paris\\\/#primaryimage\"},\"image\":{\"@id\":\"https:\\\/\\\/andreacujar.com\\\/fr_fr\\\/bijoux-arbres-paris\\\/#primaryimage\"},\"thumbnailUrl\":\"https:\\\/\\\/andreacujar.com\\\/wp-content\\\/uploads\\\/2024\\\/09\\\/Foto-CONCEPTO-1.webp\",\"datePublished\":\"2023-11-14T22:50:30+00:00\",\"dateModified\":\"2025-08-26T14:17:55+00:00\",\"description\":\"Collection de bijoux dor\u00e9s inspir\u00e9s par les arbres de Paris. Pi\u00e8ces faites main, po\u00e9tiques et uniques. \u00c9dition prim\u00e9e \\\"Fabriqu\u00e9 \u00e0 Paris 2025\\\"\",\"breadcrumb\":{\"@id\":\"https:\\\/\\\/andreacujar.com\\\/fr_fr\\\/bijoux-arbres-paris\\\/#breadcrumb\"},\"inLanguage\":\"fr-FR\",\"potentialAction\":[{\"@type\":\"ReadAction\",\"target\":[\"https:\\\/\\\/andreacujar.com\\\/fr_fr\\\/bijoux-arbres-paris\\\/\"]}]},{\"@type\":\"ImageObject\",\"inLanguage\":\"fr-FR\",\"@id\":\"https:\\\/\\\/andreacujar.com\\\/fr_fr\\\/bijoux-arbres-paris\\\/#primaryimage\",\"url\":\"https:\\\/\\\/andreacujar.com\\\/wp-content\\\/uploads\\\/2024\\\/09\\\/Foto-CONCEPTO-1.webp\",\"contentUrl\":\"https:\\\/\\\/andreacujar.com\\\/wp-content\\\/uploads\\\/2024\\\/09\\\/Foto-CONCEPTO-1.webp\",\"width\":1080,\"height\":936,\"caption\":\"Concept collection Les arbres de Paris\"},{\"@type\":\"BreadcrumbList\",\"@id\":\"https:\\\/\\\/andreacujar.com\\\/fr_fr\\\/bijoux-arbres-paris\\\/#breadcrumb\",\"itemListElement\":[{\"@type\":\"ListItem\",\"position\":1,\"name\":\"Accueil\",\"item\":\"https:\\\/\\\/andreacujar.com\\\/fr_fr\\\/\"},{\"@type\":\"ListItem\",\"position\":2,\"name\":\"LES ARBRES DE PARIS\"}]},{\"@type\":\"WebSite\",\"@id\":\"https:\\\/\\\/andreacujar.com\\\/#website\",\"url\":\"https:\\\/\\\/andreacujar.com\\\/\",\"name\":\"ANDREA CUJAR\",\"description\":\"Artisan Bijoutier\",\"potentialAction\":[{\"@type\":\"SearchAction\",\"target\":{\"@type\":\"EntryPoint\",\"urlTemplate\":\"https:\\\/\\\/andreacujar.com\\\/?s={search_term_string}\"},\"query-input\":{\"@type\":\"PropertyValueSpecification\",\"valueRequired\":true,\"valueName\":\"search_term_string\"}}],\"inLanguage\":\"fr-FR\"}]}<\/script>\n<!-- \/ Yoast SEO plugin. -->","yoast_head_json":{"title":"Collection de bijoux Les Arbres de Paris. Inspir\u00e9s de ses canop\u00e9es - ANDREA CUJAR","description":"Collection de bijoux dor\u00e9s inspir\u00e9s par les arbres de Paris. Pi\u00e8ces faites main, po\u00e9tiques et uniques. \u00c9dition prim\u00e9e \"Fabriqu\u00e9 \u00e0 Paris 2025\"","robots":{"index":"index","follow":"follow","max-snippet":"max-snippet:-1","max-image-preview":"max-image-preview:large","max-video-preview":"max-video-preview:-1"},"canonical":"https:\/\/andreacujar.com\/fr_fr\/bijoux-arbres-paris\/","og_locale":"fr_FR","og_type":"article","og_title":"Collection de bijoux Les Arbres de Paris. Inspir\u00e9s de ses canop\u00e9es - ANDREA CUJAR","og_description":"Collection de bijoux dor\u00e9s inspir\u00e9s par les arbres de Paris. Pi\u00e8ces faites main, po\u00e9tiques et uniques. \u00c9dition prim\u00e9e \"Fabriqu\u00e9 \u00e0 Paris 2025\"","og_url":"https:\/\/andreacujar.com\/fr_fr\/bijoux-arbres-paris\/","og_site_name":"ANDREA CUJAR","article_modified_time":"2025-08-26T14:17:55+00:00","og_image":[{"width":1080,"height":936,"url":"https:\/\/andreacujar.com\/wp-content\/uploads\/2024\/09\/Foto-CONCEPTO-1.webp","type":"image\/webp"}],"twitter_card":"summary_large_image","twitter_misc":{"Dur\u00e9e de lecture estim\u00e9e":"9 minutes"},"schema":{"@context":"https:\/\/schema.org","@graph":[{"@type":"WebPage","@id":"https:\/\/andreacujar.com\/fr_fr\/bijoux-arbres-paris\/","url":"https:\/\/andreacujar.com\/fr_fr\/bijoux-arbres-paris\/","name":"Collection de bijoux Les Arbres de Paris. Inspir\u00e9s de ses canop\u00e9es - ANDREA CUJAR","isPartOf":{"@id":"https:\/\/andreacujar.com\/#website"},"primaryImageOfPage":{"@id":"https:\/\/andreacujar.com\/fr_fr\/bijoux-arbres-paris\/#primaryimage"},"image":{"@id":"https:\/\/andreacujar.com\/fr_fr\/bijoux-arbres-paris\/#primaryimage"},"thumbnailUrl":"https:\/\/andreacujar.com\/wp-content\/uploads\/2024\/09\/Foto-CONCEPTO-1.webp","datePublished":"2023-11-14T22:50:30+00:00","dateModified":"2025-08-26T14:17:55+00:00","description":"Collection de bijoux dor\u00e9s inspir\u00e9s par les arbres de Paris. Pi\u00e8ces faites main, po\u00e9tiques et uniques. \u00c9dition prim\u00e9e \"Fabriqu\u00e9 \u00e0 Paris 2025\"","breadcrumb":{"@id":"https:\/\/andreacujar.com\/fr_fr\/bijoux-arbres-paris\/#breadcrumb"},"inLanguage":"fr-FR","potentialAction":[{"@type":"ReadAction","target":["https:\/\/andreacujar.com\/fr_fr\/bijoux-arbres-paris\/"]}]},{"@type":"ImageObject","inLanguage":"fr-FR","@id":"https:\/\/andreacujar.com\/fr_fr\/bijoux-arbres-paris\/#primaryimage","url":"https:\/\/andreacujar.com\/wp-content\/uploads\/2024\/09\/Foto-CONCEPTO-1.webp","contentUrl":"https:\/\/andreacujar.com\/wp-content\/uploads\/2024\/09\/Foto-CONCEPTO-1.webp","width":1080,"height":936,"caption":"Concept collection Les arbres de Paris"},{"@type":"BreadcrumbList","@id":"https:\/\/andreacujar.com\/fr_fr\/bijoux-arbres-paris\/#breadcrumb","itemListElement":[{"@type":"ListItem","position":1,"name":"Accueil","item":"https:\/\/andreacujar.com\/fr_fr\/"},{"@type":"ListItem","position":2,"name":"LES ARBRES DE PARIS"}]},{"@type":"WebSite","@id":"https:\/\/andreacujar.com\/#website","url":"https:\/\/andreacujar.com\/","name":"ANDREA CUJAR","description":"Artisan Bijoutier","potentialAction":[{"@type":"SearchAction","target":{"@type":"EntryPoint","urlTemplate":"https:\/\/andreacujar.com\/?s={search_term_string}"},"query-input":{"@type":"PropertyValueSpecification","valueRequired":true,"valueName":"search_term_string"}}],"inLanguage":"fr-FR"}]}},"_links":{"self":[{"href":"https:\/\/andreacujar.com\/fr_fr\/wp-json\/wp\/v2\/pages\/194","targetHints":{"allow":["GET"]}}],"collection":[{"href":"https:\/\/andreacujar.com\/fr_fr\/wp-json\/wp\/v2\/pages"}],"about":[{"href":"https:\/\/andreacujar.com\/fr_fr\/wp-json\/wp\/v2\/types\/page"}],"author":[{"embeddable":true,"href":"https:\/\/andreacujar.com\/fr_fr\/wp-json\/wp\/v2\/users\/3"}],"replies":[{"embeddable":true,"href":"https:\/\/andreacujar.com\/fr_fr\/wp-json\/wp\/v2\/comments?post=194"}],"version-history":[{"count":525,"href":"https:\/\/andreacujar.com\/fr_fr\/wp-json\/wp\/v2\/pages\/194\/revisions"}],"predecessor-version":[{"id":8287,"href":"https:\/\/andreacujar.com\/fr_fr\/wp-json\/wp\/v2\/pages\/194\/revisions\/8287"}],"wp:featuredmedia":[{"embeddable":true,"href":"https:\/\/andreacujar.com\/fr_fr\/wp-json\/wp\/v2\/media\/6026"}],"wp:attachment":[{"href":"https:\/\/andreacujar.com\/fr_fr\/wp-json\/wp\/v2\/media?parent=194"}],"curies":[{"name":"wp","href":"https:\/\/api.w.org\/{rel}","templated":true}]}}